{"id":818,"date":"2016-07-06T17:52:02","date_gmt":"2016-07-06T15:52:02","guid":{"rendered":"https:\/\/reumiller.ch\/?page_id=818"},"modified":"2025-02-12T14:12:44","modified_gmt":"2025-02-12T13:12:44","slug":"daniel-reumiller-bass","status":"publish","type":"page","link":"https:\/\/reumiller.ch\/fr\/","title":{"rendered":"Daniel Reumiller \u2013 Bass"},"content":{"rendered":"<p><div class=\"fusion-fullwidth fullwidth-box fusion-builder-row-1 fusion-flex-container has-pattern-background has-mask-background fusion-parallax-none nonhundred-percent-fullwidth hundred-percent-height hundred-percent-height-center-content non-hundred-percent-height-scrolling fusion-no-small-visibility fusion-no-medium-visibility lazyload\" style=\"--awb-border-radius-top-left:0px;--awb-border-radius-top-right:0px;--awb-border-radius-bottom-right:0px;--awb-border-radius-bottom-left:0px;--awb-padding-left:10%;--awb-margin-top:0px;--awb-margin-bottom:0px;--awb-background-size:cover;--awb-flex-wrap:wrap;\" data-bg=\"https:\/\/reumiller.ch\/wp-content\/uploads\/2021\/04\/Reumiller-Hintergrund.jpg\" ><div class=\"fusion-builder-row fusion-row fusion-flex-align-items-flex-start fusion-flex-content-wrap\" style=\"max-width:104%;margin-left: calc(-4% \/ 2 );margin-right: calc(-4% \/ 2 );\"><div class=\"fusion-layout-column fusion_builder_column fusion-builder-column-0 fusion_builder_column_1_2 1_2 fusion-flex-column fusion-flex-align-self-stretch\" style=\"--awb-padding-top:4%;--awb-padding-bottom:4%;--awb-bg-size:cover;--awb-width-large:50%;--awb-margin-top-large:0px;--awb-spacing-right-large:3.84%;--awb-margin-bottom-large:20px;--awb-spacing-left-large:3.84%;--awb-width-medium:100%;--awb-order-medium:0;--awb-spacing-right-medium:1.92%;--awb-spacing-left-medium:1.92%;--awb-width-small:100%;--awb-order-small:0;--awb-spacing-right-small:1.92%;--awb-spacing-left-small:1.92%;\"><div class=\"fusion-column-wrapper fusion-column-has-shadow fusion-flex-justify-content-center fusion-content-layout-column\"><div class=\"fusion-title title fusion-title-1 fusion-title-text fusion-title-size-one\" style=\"--awb-text-color:#ffffff;\"><div class=\"title-sep-container title-sep-container-left fusion-no-large-visibility fusion-no-medium-visibility fusion-no-small-visibility\"><div class=\"title-sep sep- sep-solid\" style=\"border-color:#e0dede;\"><\/div><\/div><span class=\"awb-title-spacer fusion-no-large-visibility fusion-no-medium-visibility fusion-no-small-visibility\"><\/span><h1 class=\"fusion-title-heading title-heading-left fusion-responsive-typography-calculated\" style=\"margin:0;--fontSize:58;line-height:1.1;\"><p>DANIEL REUMILLER<br \/>\nBASS<\/p><\/h1><span class=\"awb-title-spacer\"><\/span><div class=\"title-sep-container title-sep-container-right\"><div class=\"title-sep sep- sep-solid\" style=\"border-color:#e0dede;\"><\/div><\/div><\/div><div class=\"fusion-separator fusion-full-width-sep\" style=\"align-self: center;margin-left: auto;margin-right: auto;margin-bottom:4%;width:100%;\"><\/div><div class=\"fusion-title title fusion-title-2 fusion-title-text fusion-title-size-three\" style=\"--awb-text-color:#ffffff;\"><div class=\"title-sep-container title-sep-container-left fusion-no-large-visibility fusion-no-medium-visibility fusion-no-small-visibility\"><div class=\"title-sep sep- sep-solid\" style=\"border-color:#e0dede;\"><\/div><\/div><span class=\"awb-title-spacer fusion-no-large-visibility fusion-no-medium-visibility fusion-no-small-visibility\"><\/span><h3 class=\"fusion-title-heading title-heading-left fusion-responsive-typography-calculated\" style=\"margin:0;--fontSize:36;line-height:1.2;\">\u00abEN PLAINE FORME VOCALE\u00bb<br \/>\nMittelland Zeitung<\/h3><span class=\"awb-title-spacer\"><\/span><div class=\"title-sep-container title-sep-container-right\"><div class=\"title-sep sep- sep-solid\" style=\"border-color:#e0dede;\"><\/div><\/div><\/div><div ><a class=\"fusion-button button-flat fusion-button-default-size button-custom fusion-button-default button-1 fusion-button-default-span fusion-button-default-type\" style=\"--button_accent_color:#1d1d1e;--button_accent_hover_color:#cad3dd;--button_border_hover_color:#ffffff;--button_gradient_top_color:#cee34b;--button_gradient_bottom_color:#cee34b;--button_gradient_top_color_hover:#cee34b;--button_gradient_bottom_color_hover:#cee34b;\" target=\"_self\" href=\"#ueber_mich\"><i class=\"fa-angle-down fas button-icon-left\" aria-hidden=\"true\"><\/i><span class=\"fusion-button-text\">CURIEUX\/CURIEUSE?<\/span><\/a><\/div><\/div><\/div><div class=\"fusion-layout-column fusion_builder_column fusion-builder-column-1 fusion_builder_column_1_2 1_2 fusion-flex-column\" style=\"--awb-bg-size:cover;--awb-width-large:50%;--awb-margin-top-large:0px;--awb-spacing-right-large:3.84%;--awb-margin-bottom-large:20px;--awb-spacing-left-large:3.84%;--awb-width-medium:100%;--awb-order-medium:0;--awb-spacing-right-medium:1.92%;--awb-spacing-left-medium:1.92%;--awb-width-small:100%;--awb-order-small:0;--awb-spacing-right-small:1.92%;--awb-spacing-left-small:1.92%;\"><div class=\"fusion-column-wrapper fusion-column-has-shadow fusion-flex-justify-content-flex-start fusion-content-layout-column\"><div class=\"fusion-image-element \" style=\"text-align:right;--awb-caption-title-font-family:var(--h2_typography-font-family);--awb-caption-title-font-weight:var(--h2_typography-font-weight);--awb-caption-title-font-style:var(--h2_typography-font-style);--awb-caption-title-size:var(--h2_typography-font-size);--awb-caption-title-transform:var(--h2_typography-text-transform);--awb-caption-title-line-height:var(--h2_typography-line-height);--awb-caption-title-letter-spacing:var(--h2_typography-letter-spacing);\"><span class=\" fusion-imageframe imageframe-none imageframe-1 hover-type-none\"><img decoding=\"async\" width=\"720\" height=\"1080\" title=\"reumiller\" src=\"data:image\/svg+xml,%3Csvg%20xmlns%3D%27http%3A%2F%2Fwww.w3.org%2F2000%2Fsvg%27%20width%3D%27720%27%20height%3D%271080%27%20viewBox%3D%270%200%20720%201080%27%3E%3Crect%20width%3D%27720%27%20height%3D%271080%27%20fill-opacity%3D%220%22%2F%3E%3C%2Fsvg%3E\" data-orig-src=\"https:\/\/reumiller.ch\/wp-content\/uploads\/2021\/03\/reumiller.gif\" alt class=\"lazyload img-responsive wp-image-778\"\/><\/span><\/div><\/div><\/div><\/div><\/div><div class=\"fusion-fullwidth fullwidth-box fusion-builder-row-2 fusion-flex-container fusion-parallax-none nonhundred-percent-fullwidth hundred-percent-height hundred-percent-height-center-content non-hundred-percent-height-scrolling fusion-no-large-visibility lazyload\" style=\"--awb-border-radius-top-left:0px;--awb-border-radius-top-right:0px;--awb-border-radius-bottom-right:0px;--awb-border-radius-bottom-left:0px;--awb-padding-top:30px;--awb-margin-bottom:0px;--awb-background-size:cover;--awb-flex-wrap:wrap;\" data-bg=\"https:\/\/reumiller.ch\/wp-content\/uploads\/2021\/03\/Hintergrund.jpg\" ><div class=\"fusion-builder-row fusion-row fusion-flex-align-items-flex-start fusion-flex-content-wrap\" style=\"max-width:104%;margin-left: calc(-4% \/ 2 );margin-right: calc(-4% \/ 2 );\"><div class=\"fusion-layout-column fusion_builder_column fusion-builder-column-2 fusion_builder_column_1_1 1_1 fusion-flex-column fusion-flex-align-self-stretch\" style=\"--awb-bg-size:cover;--awb-width-large:100%;--awb-margin-top-large:0px;--awb-spacing-right-large:1.92%;--awb-margin-bottom-large:20px;--awb-spacing-left-large:1.92%;--awb-width-medium:100%;--awb-order-medium:0;--awb-spacing-right-medium:1.92%;--awb-spacing-left-medium:1.92%;--awb-width-small:100%;--awb-order-small:0;--awb-spacing-right-small:1.92%;--awb-spacing-left-small:1.92%;\"><div class=\"fusion-column-wrapper fusion-column-has-shadow fusion-flex-justify-content-center fusion-content-layout-column\"><div class=\"fusion-title title fusion-title-3 fusion-title-text fusion-title-size-one\" style=\"--awb-text-color:#ffffff;\"><div class=\"title-sep-container title-sep-container-left fusion-no-large-visibility fusion-no-medium-visibility fusion-no-small-visibility\"><div class=\"title-sep sep- sep-solid\" style=\"border-color:#e0dede;\"><\/div><\/div><span class=\"awb-title-spacer fusion-no-large-visibility fusion-no-medium-visibility fusion-no-small-visibility\"><\/span><h1 class=\"fusion-title-heading title-heading-left fusion-responsive-typography-calculated\" style=\"margin:0;--fontSize:58;line-height:1.1;\"><p>DANIEL REUMILLER<br \/>\nBASS<\/p><\/h1><span class=\"awb-title-spacer\"><\/span><div class=\"title-sep-container title-sep-container-right\"><div class=\"title-sep sep- sep-solid\" style=\"border-color:#e0dede;\"><\/div><\/div><\/div><div class=\"fusion-title title fusion-title-4 fusion-title-text fusion-title-size-three\" style=\"--awb-text-color:#ffffff;\"><div class=\"title-sep-container title-sep-container-left fusion-no-large-visibility fusion-no-medium-visibility fusion-no-small-visibility\"><div class=\"title-sep sep- sep-solid\" style=\"border-color:#e0dede;\"><\/div><\/div><span class=\"awb-title-spacer fusion-no-large-visibility fusion-no-medium-visibility fusion-no-small-visibility\"><\/span><h3 class=\"fusion-title-heading title-heading-left fusion-responsive-typography-calculated\" style=\"margin:0;--fontSize:36;line-height:1.2;\">\u00abEN PLEINE FORME VOCALE\u00bb<br \/>\nMittelland Zeitung<\/h3><span class=\"awb-title-spacer\"><\/span><div class=\"title-sep-container title-sep-container-right\"><div class=\"title-sep sep- sep-solid\" style=\"border-color:#e0dede;\"><\/div><\/div><\/div><div class=\"fusion-image-element \" style=\"text-align:right;--awb-caption-title-font-family:var(--h2_typography-font-family);--awb-caption-title-font-weight:var(--h2_typography-font-weight);--awb-caption-title-font-style:var(--h2_typography-font-style);--awb-caption-title-size:var(--h2_typography-font-size);--awb-caption-title-transform:var(--h2_typography-text-transform);--awb-caption-title-line-height:var(--h2_typography-line-height);--awb-caption-title-letter-spacing:var(--h2_typography-letter-spacing);\"><span class=\" fusion-imageframe imageframe-none imageframe-2 hover-type-none\"><img decoding=\"async\" width=\"720\" height=\"1080\" title=\"reumiller\" src=\"data:image\/svg+xml,%3Csvg%20xmlns%3D%27http%3A%2F%2Fwww.w3.org%2F2000%2Fsvg%27%20width%3D%27720%27%20height%3D%271080%27%20viewBox%3D%270%200%20720%201080%27%3E%3Crect%20width%3D%27720%27%20height%3D%271080%27%20fill-opacity%3D%220%22%2F%3E%3C%2Fsvg%3E\" data-orig-src=\"https:\/\/reumiller.ch\/wp-content\/uploads\/2021\/03\/reumiller.gif\" alt class=\"lazyload img-responsive wp-image-778\"\/><\/span><\/div><\/div><\/div><\/div><\/div><div id=\"\u00e0_propos_de_moi\" class=\"fusion-container-anchor\"><div class=\"fusion-fullwidth fullwidth-box fusion-builder-row-3 fusion-flex-container has-pattern-background has-mask-background hundred-percent-fullwidth non-hundred-percent-height-scrolling\" style=\"--awb-background-position:left top;--awb-border-sizes-top:0px;--awb-border-sizes-bottom:0px;--awb-border-sizes-left:0px;--awb-border-sizes-right:0px;--awb-border-radius-top-left:0px;--awb-border-radius-top-right:0px;--awb-border-radius-bottom-right:0px;--awb-border-radius-bottom-left:0px;--awb-padding-top:0px;--awb-padding-right:0px;--awb-padding-bottom:0px;--awb-padding-left:0px;--awb-flex-wrap:wrap;\" ><div class=\"fusion-builder-row fusion-row fusion-flex-align-items-stretch fusion-flex-content-wrap\" style=\"width:calc( 100% + 0px ) !important;max-width:calc( 100% + 0px ) !important;margin-left: calc(-0px \/ 2 );margin-right: calc(-0px \/ 2 );\"><div class=\"fusion-layout-column fusion_builder_column fusion-builder-column-3 fusion_builder_column_3_5 3_5 fusion-flex-column\" style=\"--awb-padding-top:115px;--awb-padding-right:10%;--awb-padding-bottom:115px;--awb-padding-left:10%;--awb-bg-blend:overlay;--awb-bg-size:cover;--awb-width-large:60%;--awb-margin-top-large:0px;--awb-spacing-right-large:0px;--awb-margin-bottom-large:0px;--awb-spacing-left-large:0px;--awb-width-medium:100%;--awb-spacing-right-medium:0px;--awb-spacing-left-medium:0px;--awb-width-small:100%;--awb-spacing-right-small:0px;--awb-spacing-left-small:0px;\"><div class=\"fusion-column-wrapper fusion-flex-justify-content-flex-start fusion-content-layout-column\"><div class=\"fusion-title title fusion-title-5 fusion-title-text fusion-title-size-two\" style=\"--awb-margin-bottom:10px;\"><div class=\"title-sep-container title-sep-container-left fusion-no-large-visibility fusion-no-medium-visibility fusion-no-small-visibility\"><div class=\"title-sep sep- sep-solid\" style=\"border-color:#e0dede;\"><\/div><\/div><span class=\"awb-title-spacer fusion-no-large-visibility fusion-no-medium-visibility fusion-no-small-visibility\"><\/span><h2 class=\"fusion-title-heading title-heading-left fusion-responsive-typography-calculated\" style=\"margin:0;--fontSize:72;line-height:1.2;\">MA PASSION.<\/h2><span class=\"awb-title-spacer\"><\/span><div class=\"title-sep-container title-sep-container-right\"><div class=\"title-sep sep- sep-solid\" style=\"border-color:#e0dede;\"><\/div><\/div><\/div><div class=\"fusion-title title fusion-title-6 fusion-title-text fusion-title-size-three\"><div class=\"title-sep-container title-sep-container-left fusion-no-large-visibility fusion-no-medium-visibility fusion-no-small-visibility\"><div class=\"title-sep sep- sep-solid\" style=\"border-color:#e0dede;\"><\/div><\/div><span class=\"awb-title-spacer fusion-no-large-visibility fusion-no-medium-visibility fusion-no-small-visibility\"><\/span><h3 class=\"fusion-title-heading title-heading-left fusion-responsive-typography-calculated\" style=\"margin:0;--fontSize:36;line-height:1.2;\">INSPIR\u00c9 PAR LE CHANT<\/h3><span class=\"awb-title-spacer\"><\/span><div class=\"title-sep-container title-sep-container-right\"><div class=\"title-sep sep- sep-solid\" style=\"border-color:#e0dede;\"><\/div><\/div><\/div><div class=\"fusion-title title fusion-title-7 fusion-title-text fusion-title-size-six\"><div class=\"title-sep-container title-sep-container-left fusion-no-large-visibility fusion-no-medium-visibility fusion-no-small-visibility\"><div class=\"title-sep sep- sep-solid\" style=\"border-color:#e0dede;\"><\/div><\/div><span class=\"awb-title-spacer fusion-no-large-visibility fusion-no-medium-visibility fusion-no-small-visibility\"><\/span><h6 class=\"fusion-title-heading title-heading-left fusion-responsive-typography-calculated\" style=\"margin:0;--fontSize:16;--minFontSize:16;line-height:1.6;\">D&rsquo;origine suisse et autrichienne, je commence par \u00e9tudier les sciences \u00e9conomiques, ce qui ne freine pourtant pas ma passion pour le chant classique. J&rsquo;\u00e9tudie donc le chant avec Leni Neuenschwander \u00e0 Mannheim, Dennis Hall \u00e0 Berne et Antoinette Fa\u00ebs \u00e0 Fribourg. Je suis plusieurs cours de ma\u00eetre, notamment chez Paolo Montarsolo \u00e0 la Renata Scotto Opera Academy \u00e0 Savone, chez Ks. Waltraud Meier \u00e0 Munich, et chez Evgenji Nesterenko \u00e0 Vienne. Diverses formations continues en interpr\u00e9tation d&rsquo;op\u00e9ra compl\u00e8tent ma formation. En 2004, je suis laur\u00e9at de la fondation \u00ab\u00a0Senzaltro\u00a0\u00bb pour la promotion de jeunes chanteurs d&rsquo;op\u00e9ra suisses.<\/h6><span class=\"awb-title-spacer\"><\/span><div class=\"title-sep-container title-sep-container-right\"><div class=\"title-sep sep- sep-solid\" style=\"border-color:#e0dede;\"><\/div><\/div><\/div><div class=\"fusion-text fusion-text-1\"><p>En 2003, je fais mes d\u00e9buts \u00e0 l&rsquo;Op\u00e9ra de Fribourg dans le r\u00f4le de Betto di Signa dans \u00ab\u00a0Gianni Schicchi\u00a0\u00bb de Puccini. Par la suite, j\u2019incarne une trentaine de r\u00f4les diff\u00e9rents, p.ex. Sarastro (La Fl\u00fbte enchant\u00e9e), Osmine (L&rsquo;Enl\u00e8vement au s\u00e9rail), Leporello (Don Giovanni), Don Pasquale et Bartolo (Il Barbiere di Siviglia), Sulpice (La Fille du R\u00e9giment) et Frank (\u00ab\u00a0Die Fledermaus\u00a0\u00bb). Au cours de la saison 21\/22, j&rsquo;ai incarn\u00e9 Cappellio dans \u00ab\u00a0I Capuleti e i Montecchi\u00a0\u00bb au TOBS Theater Orchester Biel Solothurn. Pour en savoir plus, consultez la rubrique \u00ab\u00a0R\u00e9pertoire\u00a0\u00bb. Je suis invit\u00e9 dans diff\u00e9rents pays, par exemple \u00e0 Johannesburg en 2013 dans le r\u00f4le de Martino dans \u00ab\u00a0L&rsquo;occasione fa il ladro\u00a0\u00bb de Rossini.<\/p>\n<\/div><div class=\"fusion-text fusion-text-2\"><p>Parall\u00e8lement \u00e0 mon activit\u00e9 de chanteur d&rsquo;op\u00e9ra, j&rsquo;entretiens un large r\u00e9pertoire dans le domaine de la musique sacr\u00e9e , p.ex. en tant que soliste dans le \u00ab\u00a0Requiem\u00a0\u00bb de Brahms, le \u00ab\u00a0Messie\u00a0\u00bb de Haendel ou encore le \u00ab\u00a0Stabat Mater\u00a0\u00bb de Rossini.<\/p>\n<\/div><\/div><\/div><div class=\"fusion-layout-column fusion_builder_column fusion-builder-column-4 fusion_builder_column_2_5 2_5 fusion-flex-column\" style=\"--awb-bg-position:center center;--awb-bg-size:cover;--awb-width-large:40%;--awb-margin-top-large:0px;--awb-spacing-right-large:0px;--awb-margin-bottom-large:0px;--awb-spacing-left-large:0px;--awb-width-medium:100%;--awb-order-medium:0;--awb-spacing-right-medium:0px;--awb-spacing-left-medium:0px;--awb-width-small:100%;--awb-order-small:0;--awb-spacing-right-small:0px;--awb-spacing-left-small:0px;\"><div class=\"fusion-column-wrapper lazyload fusion-column-has-shadow fusion-flex-justify-content-flex-start fusion-content-layout-column fusion-empty-column-bg-image fusion-column-has-bg-image\" data-bg-url=\"https:\/\/reumiller.ch\/wp-content\/uploads\/2021\/02\/Daniel-Reumiller-Passion.jpg\" data-bg=\"https:\/\/reumiller.ch\/wp-content\/uploads\/2021\/02\/Daniel-Reumiller-Passion.jpg\"><img decoding=\"async\" class=\"fusion-empty-dims-img-placeholder fusion-no-large-visibility\" aria-label=\"Daniel-Reumiller-Passion\" src=\"data:image\/svg+xml,%3Csvg%20xmlns%3D%27http%3A%2F%2Fwww.w3.org%2F2000%2Fsvg%27%20width%3D%271280%27%20height%3D%271920%27%20viewBox%3D%270%200%201280%201920%27%3E%3Crect%20width%3D%271280%27%20height%3D%271920%27%20fill-opacity%3D%220%22%2F%3E%3C%2Fsvg%3E\"><\/div><\/div><\/div><\/div><\/div><div id=\"agenda\" class=\"fusion-container-anchor\"><div class=\"fusion-fullwidth fullwidth-box fusion-builder-row-4 fusion-flex-container hundred-percent-fullwidth non-hundred-percent-height-scrolling\" style=\"--awb-background-position:left top;--awb-border-sizes-top:0px;--awb-border-sizes-bottom:0px;--awb-border-sizes-left:0px;--awb-border-sizes-right:0px;--awb-border-radius-top-left:0px;--awb-border-radius-top-right:0px;--awb-border-radius-bottom-right:0px;--awb-border-radius-bottom-left:0px;--awb-padding-top:0px;--awb-padding-right:0px;--awb-padding-bottom:0px;--awb-padding-left:0px;--awb-background-color:#f2f2f2;--awb-flex-wrap:wrap;\" ><div class=\"fusion-builder-row fusion-row fusion-flex-align-items-stretch fusion-flex-content-wrap\" style=\"width:calc( 100% + 0px ) !important;max-width:calc( 100% + 0px ) !important;margin-left: calc(-0px \/ 2 );margin-right: calc(-0px \/ 2 );\"><div class=\"fusion-layout-column fusion_builder_column fusion-builder-column-5 fusion_builder_column_3_5 3_5 fusion-flex-column\" style=\"--awb-padding-top:115px;--awb-padding-right:10%;--awb-padding-bottom:100px;--awb-padding-left:10%;--awb-bg-blend:overlay;--awb-bg-size:cover;--awb-width-large:60%;--awb-margin-top-large:0px;--awb-spacing-right-large:0px;--awb-margin-bottom-large:0px;--awb-spacing-left-large:0px;--awb-width-medium:100%;--awb-spacing-right-medium:0px;--awb-spacing-left-medium:0px;--awb-width-small:100%;--awb-spacing-right-small:0px;--awb-spacing-left-small:0px;\"><div class=\"fusion-column-wrapper fusion-flex-justify-content-flex-start fusion-content-layout-column\"><div class=\"fusion-title title fusion-title-8 fusion-title-text fusion-title-size-two\" style=\"--awb-text-color:#ffffff;--awb-margin-bottom:10px;\"><div class=\"title-sep-container title-sep-container-left fusion-no-large-visibility fusion-no-medium-visibility fusion-no-small-visibility\"><div class=\"title-sep sep- sep-solid\" style=\"border-color:#e0dede;\"><\/div><\/div><span class=\"awb-title-spacer fusion-no-large-visibility fusion-no-medium-visibility fusion-no-small-visibility\"><\/span><h2 class=\"fusion-title-heading title-heading-left fusion-responsive-typography-calculated\" style=\"margin:0;--fontSize:72;line-height:1.2;\">AGENDA.<\/h2><span class=\"awb-title-spacer\"><\/span><div class=\"title-sep-container title-sep-container-right\"><div class=\"title-sep sep- sep-solid\" style=\"border-color:#e0dede;\"><\/div><\/div><\/div><div class=\"fusion-title title fusion-title-9 fusion-title-text fusion-title-size-three\"><div class=\"title-sep-container title-sep-container-left fusion-no-large-visibility fusion-no-medium-visibility fusion-no-small-visibility\"><div class=\"title-sep sep- sep-solid\" style=\"border-color:#e0dede;\"><\/div><\/div><span class=\"awb-title-spacer fusion-no-large-visibility fusion-no-medium-visibility fusion-no-small-visibility\"><\/span><h3 class=\"fusion-title-heading title-heading-left fusion-responsive-typography-calculated\" style=\"margin:0;--fontSize:36;line-height:1.2;\">DATES DE REPR\u00c9SENTATIONS<\/h3><span class=\"awb-title-spacer\"><\/span><div class=\"title-sep-container title-sep-container-right\"><div class=\"title-sep sep- sep-solid\" style=\"border-color:#e0dede;\"><\/div><\/div><\/div><div class=\"fusion-text fusion-text-3\"><p><b>28.\/29.03.2024<br \/>\n<\/b><b style=\"color: var(--awb-text-color); font-family: var(--awb-text-font-family); font-size: var(--awb-font-size); font-style: var(--awb-text-font-style); letter-spacing: var(--awb-letter-spacing); text-align: var(--awb-content-alignment); text-transform: var(--awb-text-transform); background-color: var(--awb-bg-color-hover);\">Rossini, Stabat Mater<br \/>\n<\/b><b style=\"color: var(--awb-text-color); font-family: var(--awb-text-font-family); font-size: var(--awb-font-size); font-style: var(--awb-text-font-style); letter-spacing: var(--awb-letter-spacing); text-align: var(--awb-content-alignment); text-transform: var(--awb-text-transform); background-color: var(--awb-bg-color-hover);\">mit Laurence Knoepfler Chevalley, Sopran \/ L\u00e9ontine Maridat Zimmerlin, Mezzosopran \/ Fernando Cuellar, Tenor<br \/>\n<\/b><b style=\"color: var(--awb-text-color); font-family: var(--awb-text-font-family); font-size: var(--awb-font-size); font-style: var(--awb-text-font-style); letter-spacing: var(--awb-letter-spacing); text-align: var(--awb-content-alignment); text-transform: var(--awb-text-transform); background-color: var(--awb-bg-color-hover);\">Choeur mixte de Colombier \/ Orchestre de l&rsquo;ASO<br \/>\n<\/b><b style=\"color: var(--awb-text-color); font-family: var(--awb-text-font-family); font-size: var(--awb-font-size); font-style: var(--awb-text-font-style); letter-spacing: var(--awb-letter-spacing); text-align: var(--awb-content-alignment); text-transform: var(--awb-text-transform); background-color: var(--awb-bg-color-hover);\">Leitung: Yves Senn<br \/>\n<\/b><b style=\"color: var(--awb-text-color); font-family: var(--awb-text-font-family); font-size: var(--awb-font-size); font-style: var(--awb-text-font-style); letter-spacing: var(--awb-letter-spacing); text-align: var(--awb-content-alignment); text-transform: var(--awb-text-transform); background-color: var(--awb-bg-color-hover);\">Temple de Colombier<\/b><\/p>\n<p><b style=\"color: var(--awb-text-color); font-family: var(--awb-text-font-family); font-size: var(--awb-font-size); font-style: var(--awb-text-font-style); letter-spacing: var(--awb-letter-spacing); text-align: var(--awb-content-alignment); text-transform: var(--awb-text-transform); background-color: var(--awb-bg-color-hover);\">23.\/24.03.2024<br \/>\n<\/b><b style=\"color: var(--awb-text-color); font-family: var(--awb-text-font-family); font-size: var(--awb-font-size); font-style: var(--awb-text-font-style); letter-spacing: var(--awb-letter-spacing); text-align: var(--awb-content-alignment); text-transform: var(--awb-text-transform); background-color: var(--awb-bg-color-hover);\">Charpentier, Te Deum<br \/>\n<\/b><b style=\"color: var(--awb-text-color); font-family: var(--awb-text-font-family); font-size: var(--awb-font-size); font-style: var(--awb-text-font-style); letter-spacing: var(--awb-letter-spacing); text-align: var(--awb-content-alignment); text-transform: var(--awb-text-transform); background-color: var(--awb-bg-color-hover);\">Schubert, Magnificat<br \/>\n<\/b><b style=\"color: var(--awb-text-color); font-family: var(--awb-text-font-family); font-size: var(--awb-font-size); font-style: var(--awb-text-font-style); letter-spacing: var(--awb-letter-spacing); text-align: var(--awb-content-alignment); text-transform: var(--awb-text-transform); background-color: var(--awb-bg-color-hover);\">Haydn, Theresienmesse<br \/>\n<\/b><b style=\"color: var(--awb-text-color); font-family: var(--awb-text-font-family); font-size: var(--awb-font-size); font-style: var(--awb-text-font-style); letter-spacing: var(--awb-letter-spacing); text-align: var(--awb-content-alignment); text-transform: var(--awb-text-transform); background-color: var(--awb-bg-color-hover);\">mt Charlotte M\u00fcller Perier, Sopran \/ Catherine Pillonnel Bachetta, Alto \/ Rolf Romei, Tenor<br \/>\n<\/b><b style=\"color: var(--awb-text-color); font-family: var(--awb-text-font-family); font-size: var(--awb-font-size); font-style: var(--awb-text-font-style); letter-spacing: var(--awb-letter-spacing); text-align: var(--awb-content-alignment); text-transform: var(--awb-text-transform); background-color: var(--awb-bg-color-hover);\">Choeur des Rameaux, La Chaux-de-Fonds \/ Symphonia Gen\u00e8ve<br \/>\n<\/b><b style=\"color: var(--awb-text-color); font-family: var(--awb-text-font-family); font-size: var(--awb-font-size); font-style: var(--awb-text-font-style); letter-spacing: var(--awb-letter-spacing); text-align: var(--awb-content-alignment); text-transform: var(--awb-text-transform); background-color: var(--awb-bg-color-hover);\">Leitung : Olivier Pianaro<br \/>\n<\/b><b style=\"color: var(--awb-text-color); font-family: var(--awb-text-font-family); font-size: var(--awb-font-size); font-style: var(--awb-text-font-style); letter-spacing: var(--awb-letter-spacing); text-align: var(--awb-content-alignment); text-transform: var(--awb-text-transform); background-color: var(--awb-bg-color-hover);\">Salle de Musique, La Chaux-de-Fonds<\/b><\/p>\n<p><b>29.\/31.12.2023 \/ 02.01.2024<br \/>\n<\/b><b style=\"color: var(--awb-text-color); font-family: var(--awb-text-font-family); font-size: var(--awb-font-size); font-style: var(--awb-text-font-style); letter-spacing: var(--awb-letter-spacing); text-align: var(--awb-content-alignment); text-transform: var(--awb-text-transform); background-color: var(--awb-bg-color-hover);\">Alfred P. Doolittle in \u00ab\u00a0My Fair Lady\u00a0\u00bb<br \/>\n<\/b><b style=\"color: var(--awb-text-color); font-family: var(--awb-text-font-family); font-size: var(--awb-font-size); font-style: var(--awb-text-font-style); letter-spacing: var(--awb-letter-spacing); text-align: var(--awb-content-alignment); text-transform: var(--awb-text-transform); background-color: var(--awb-bg-color-hover);\">Th\u00e9\u00e2tre du Passage, Neuch\u00e2tel<\/b><\/p>\n<p><b>22.10.2023, 10.00 h<br \/>\nCantango Lirico, Tangos von Gard\u00e9l, Piazzolla, u.a.<br \/>\nmit C\u00e9dric Liardet, Akkordeon \/ Stanislas Romanowski, Klavier<br \/>\nMuseum Blumenstein, Solothurn<\/b><\/p>\n<p><b>17.06.2023, 20.00 h \/18.06.2023, 18.00 h<br \/>\n<\/b><span style=\"color: var(--awb-text-color); font-family: var(--awb-text-font-family); font-size: var(--awb-font-size); font-style: var(--awb-text-font-style); letter-spacing: var(--awb-letter-spacing); text-align: var(--awb-content-alignment); text-transform: var(--awb-text-transform); background-color: var(--awb-bg-color-hover);\"><b>L. van Beethoven: Messe in C op. 86<br \/>\n<\/b><\/span><span style=\"color: var(--awb-text-color); font-family: var(--awb-text-font-family); font-size: var(--awb-font-size); font-style: var(--awb-text-font-style); font-weight: var(--awb-text-font-weight); letter-spacing: var(--awb-letter-spacing); text-align: var(--awb-content-alignment); text-transform: var(--awb-text-transform); background-color: var(--awb-bg-color-hover);\">Temple de Morges<br \/>\n<\/span><span style=\"background-color: var(--awb-bg-color-hover); color: var(--awb-text-color); font-family: var(--awb-text-font-family); font-size: var(--awb-font-size); font-style: var(--awb-text-font-style); font-weight: var(--awb-text-font-weight); letter-spacing: var(--awb-letter-spacing); text-align: var(--awb-content-alignment); text-transform: var(--awb-text-transform);\">www.alphegafiorimusicali.ch<\/span><\/p>\n<p><b>9.04.2023, 10.00 h (Festgottesdienst)<br \/>\n<\/b><span style=\"color: var(--body_typography-color); font-family: var(--body_typography-font-family); font-size: var(--body_typography-font-size); font-style: var(--body_typography-font-style,normal); letter-spacing: var(--body_typography-letter-spacing); text-align: var(--awb-content-alignment); text-transform: var(--awb-text-transform); background-color: var(--awb-bg-color-hover);\"><b>A. Diabelli: Messe in Es-Dur<br \/>\n<\/b><\/span><span style=\"color: var(--body_typography-color); font-family: var(--body_typography-font-family); font-size: var(--body_typography-font-size); font-style: var(--body_typography-font-style,normal); font-weight: var(--body_typography-font-weight); letter-spacing: var(--body_typography-letter-spacing); text-align: var(--awb-content-alignment); text-transform: var(--awb-text-transform); background-color: var(--awb-bg-color-hover);\">St. Konradskirche, Z\u00fcrich<\/span><\/p>\n<p><strong>6.04.2023, 20.00 h \/7,04.2023, 17.00 h \/ 8.04.2023, 20.00 h<br \/>\n<\/strong><span style=\"color: var(--body_typography-color); font-family: var(--body_typography-font-family); font-size: var(--body_typography-font-size); font-style: var(--body_typography-font-style,normal); letter-spacing: var(--body_typography-letter-spacing); text-align: var(--awb-content-alignment); text-transform: var(--awb-text-transform); background-color: var(--awb-bg-color-hover);\"><b>W.A. Mozart &#8211; Requiem<br \/>\n<\/b><\/span><span style=\"color: var(--body_typography-color); font-family: var(--body_typography-font-family); font-size: var(--body_typography-font-size); font-style: var(--body_typography-font-style,normal); font-weight: var(--body_typography-font-weight); letter-spacing: var(--body_typography-letter-spacing); text-align: var(--awb-content-alignment); text-transform: var(--awb-text-transform); background-color: var(--awb-bg-color-hover);\">Temple de Colombier (NE)<\/span><span style=\"color: var(--body_typography-color); font-family: var(--body_typography-font-family); font-size: var(--body_typography-font-size); font-style: var(--body_typography-font-style,normal); font-weight: var(--body_typography-font-weight); letter-spacing: var(--body_typography-letter-spacing); text-align: var(--awb-content-alignment); text-transform: var(--awb-text-transform); background-color: var(--awb-bg-color-hover);\">avec Marl\u00e8ne Chevalley-Knoepfler (S), No\u00e9mie Stauffer (A), Hajatiana Rakotozafy (T), Daniel Reumiller (B)<\/span><span style=\"color: var(--body_typography-color); font-family: var(--body_typography-font-family); font-size: var(--body_typography-font-size); font-style: var(--body_typography-font-style,normal); font-weight: var(--body_typography-font-weight); letter-spacing: var(--body_typography-letter-spacing); text-align: var(--awb-content-alignment); text-transform: var(--awb-text-transform); background-color: var(--awb-bg-color-hover);\">Orchestre de l&rsquo;ASO, Direction: Yves Senn<br \/>\n<\/span><span style=\"color: var(--body_typography-color); font-family: var(--body_typography-font-family); font-size: var(--body_typography-font-size); font-style: var(--body_typography-font-style,normal); font-weight: var(--body_typography-font-weight); letter-spacing: var(--body_typography-letter-spacing); text-align: var(--awb-content-alignment); text-transform: var(--awb-text-transform); background-color: var(--awb-bg-color-hover);\">www.choeurdecolombier.ch<\/span><\/p>\n<p><strong>29.\/1.01.2023<\/strong><\/p>\n<p><b>Les quatre diables (Lindorf, Copp\u00e9lius, Miracle, Dapertutto) in \u00ab\u00a0Les Contes d&rsquo;Hoffmann\u00a0\u00bb (J. Offenbach)<br \/>\nTh\u00e9\u00e2tre du Passage (Grande salle), Neuch\u00e2t<\/b><strong>el<\/strong><\/p>\n<p><strong>\u00a0<\/strong><\/p>\n<p>&nbsp;<\/p>\n<p><strong>2.\/3.\/9.\/10.09.2022<\/strong><\/p>\n<p><b>Moral\u00e8s in \u00ab\u00a0Carmen\u00a0\u00bb (G. Bizet)<\/b><br \/>\n<b>Orbe, Rances<\/b><br \/>\nmit (u.a.) J\u00e9r\u00e9mie Sch\u00fctz, B\u00e9atrice Nani, Naomi Yamaguchi, F\u00e9lix Le Gloahec, Esther Goodman, Iris Keller<\/p>\n<p><strong style=\"color: var(--body_typography-color); font-family: var(--body_typography-font-family); font-size: var(--body_typography-font-size); font-style: var(--body_typography-font-style,normal); letter-spacing: var(--body_typography-letter-spacing);\">5.11.2021 &#8211; 6.2.2022<\/strong><\/p>\n<p><b>TOBS Theater Orchester Biel Solothurn<\/b><br \/>\n<b>Capellio in \u00ab\u00a0I Capuleti e i Montecchi\u00a0\u00bb (V. Bellini)<\/b><br \/>\n&#8211; Biel (Nebia): 5.11., 26.11., 7.12., 9.12, jeweils 19.30 \/ 7.11., 28.11., jeweils 17.00<br \/>\n&#8211; Solothurn (Stadttheater): 17.11., 19.11, 16.12., 26.1., jeweils 19.30 \/ 18.12. 19.00<br \/>\n&#8211; Stadttheater Schaffhausen: 23.11. 19.30<br \/>\n&#8211; Theater La Poste Visp: 4.12., 19.30<br \/>\n&#8211; Podium D\u00fcdingen: 15.1., 19.30<br \/>\n&#8211; Theater Winterthur: 3.2., 5.2., jeweils 19.00, 6.2. 14.30<\/p>\n<p>Einige Ausschnitte aus Rezensionen:<br \/>\n\u00ab\u00a0Daniel Reumiller gibt mit wunderbarem Bariton den Capellio absolut glaubw\u00fcrdig als gebrochenen Mann.\u00a0\u00bb &#8211; Jan Krobot, Online-Merker<br \/>\n\u00ab\u00a0Daniel Reumiller entlockt ihm verschiedene Seiten: Den kompromisslosen Patriarchen &#8211; wo sein vollt\u00f6nender Bass besonders gut zur Geltung kommt &#8211; , den in seiner Ehre zutiefst Verletzten &#8211; schliesslich ist sein Sohn von Romeo, einem Montecchi, ermordet worden &#8211; und am Schluss den von seinen Gef\u00fchlen \u00fcbermannten.\u00a0\u00bb &#8211; Annelies Alder, Bieler Tagblatt<br \/>\n\u00ab\u00a0Ein stimmstarker Clan-Chef, der die Br\u00fcche der Figur aufzeigt, das Happy End verhindert und in Yves Lenoires Lesart gerichtet wird.\u00a0\u00bb &#8211; Silvia Rietz, Solothurner Zeitung<br \/>\n\u00ab\u00a0Daniel Reumiller bringt Capellios Strenge und Sturheit mit seinem dynamischen Bass passend auf den Punkt.\u00a0\u00bb &#8211; Peter W\u00e4ch, o-ton.online<br \/>\n\u00ab\u00a0&#8230; mit einem charaktervollen Bass gab Daniel Reumiller den Giulietta-Vater Capellio.\u00a0\u00bb Schaffhauser Nachrichten<\/p>\n<p><a style=\"font-family: var(--body_typography-font-family); font-size: var(--body_typography-font-size); font-style: var(--body_typography-font-style,normal); letter-spacing: var(--body_typography-letter-spacing);\" href=\"http:\/\/www.tobs.ch\/\"><b>www.tobs.ch<\/b><\/a><\/p>\n<p>&nbsp;<\/p>\n<p><strong>26.2.2021 &#8211; 8.5.2021 (Produktion annulliert)<\/strong><strong style=\"color: var(--body_typography-color); font-family: var(--body_typography-font-family); font-size: var(--body_typography-font-size); font-style: var(--body_typography-font-style,normal); letter-spacing: var(--body_typography-letter-spacing);\"><br \/>\n<\/strong><\/p>\n<p><strong style=\"color: var(--body_typography-color); font-family: var(--body_typography-font-family); font-size: var(--body_typography-font-size); font-style: var(--body_typography-font-style,normal); letter-spacing: var(--body_typography-letter-spacing);\">TOBS Theater Orchester Biel Solothurn<br \/>\n<\/strong><strong style=\"font-family: var(--body_typography-font-family); font-size: var(--body_typography-font-size); font-style: var(--body_typography-font-style,normal); letter-spacing: var(--body_typography-letter-spacing); color: var(--body_typography-color);\">Gualtiero in \u00ab\u00a0Edgar\u00a0\u00bb (G. Puccini) <\/strong><\/p>\n<p><a style=\"font-family: var(--body_typography-font-family); font-size: var(--body_typography-font-size); font-style: var(--body_typography-font-style,normal); font-weight: var(--body_typography-font-weight); letter-spacing: var(--body_typography-letter-spacing);\" href=\"http:\/\/www.tobs.ch\"><strong>www.tobs.ch<\/strong><\/a><\/p>\n<p>31.3.\/2., 3.4.2021 (Konzert annulliert)<br \/>\nTemple de Colombier<br \/>\nW.A. Mozart, Requiem<\/p>\n<p>28.\/30.5., 3.6.2021<br \/>\nTh\u00e9\u00e2tre du Passage, Neuch\u00e2tel<br \/>\nQuatre diables (Lindorf, Copp\u00e9lius, Miracle, Dapertutto) dans \u00ab\u00a0Les Contes d&rsquo;Hoffmann\u00a0\u00bb (J. Offenbach)<br \/>\n<a href=\"http:\/\/www.theatredupassage.ch\"><strong>www.theatredupassage.ch<\/strong><\/a><\/p>\n<p>(Auf Grund der aktuellen Pandemie-Situation sind \u00c4nderungen zu s\u00e4mtlichen k\u00fcnftigen Produktionen vorbehalten)<\/p>\n<\/div><div class=\"accordian fusion-accordian\" style=\"--awb-border-size:1px;--awb-icon-size:13px;--awb-content-font-size:15px;--awb-icon-alignment:left;--awb-hover-color:#f9f9f9;--awb-border-color:#cccccc;--awb-background-color:#ffffff;--awb-divider-color:#cee34b;--awb-divider-hover-color:#cee34b;--awb-icon-color:#ffffff;--awb-title-color:#cee34b;--awb-content-color:#7e8890;--awb-icon-box-color:#333333;--awb-toggle-hover-accent-color:#cee34b;--awb-title-font-family:&quot;Montserrat&quot;;--awb-title-font-weight:regular;--awb-title-font-style:normal;--awb-title-font-size:18px;--awb-title-letter-spacing:1px;--awb-title-line-height:1.5;--awb-content-font-family:&quot;Lato&quot;;--awb-content-font-style:normal;--awb-content-font-weight:400;\"><div class=\"panel-group fusion-toggle-icon-boxed\" id=\"accordion-818-1\"><div class=\"fusion-panel panel-default panel-adcbeeb8f73a6be43 fusion-toggle-has-divider\" style=\"--awb-title-color:#cee34b;\"><div class=\"panel-heading\"><h4 class=\"panel-title toggle\" id=\"toggle_adcbeeb8f73a6be43\"><a aria-expanded=\"false\" aria-controls=\"adcbeeb8f73a6be43\" role=\"button\" data-toggle=\"collapse\" data-parent=\"#accordion-818-1\" data-target=\"#adcbeeb8f73a6be43\" href=\"#adcbeeb8f73a6be43\"><span class=\"fusion-toggle-icon-wrapper\" aria-hidden=\"true\"><i class=\"fa-fusion-box active-icon awb-icon-minus\" aria-hidden=\"true\"><\/i><i class=\"fa-fusion-box inactive-icon awb-icon-plus\" aria-hidden=\"true\"><\/i><\/span><span class=\"fusion-toggle-heading\">Saison 20\/21<\/span><\/a><\/h4><\/div><div id=\"adcbeeb8f73a6be43\" class=\"panel-collapse collapse \" aria-labelledby=\"toggle_adcbeeb8f73a6be43\"><div class=\"panel-body toggle-content fusion-clearfix\">\n<p><strong>11.10.2020, 20.00, Temple d&rsquo;Aubonne<br \/>\n12.10.2020, 18.00, Temples de Morges<br \/>\nW.A. Mozart, Messe breve en Fa, Messe br\u00e8ve en Sol (et autres ouvrages)<br \/>\nPatricia Berto (Soprano), Manon Vautravers (Alto), Pierre Arpin (T\u00e9nor), Daniel Reumiller (Basse), Gabriel Ducommun (Direction)<br \/>\nChoeur Alphega Fiori Musicali, www.alphegafiorimusicali.ch<\/strong><\/p>\n<p>ab 10.12.2020<br \/>\nneuestheater.ch, Dornach<br \/>\nGef\u00e4ngnisdirektor Frank in \u00ab\u00a0Die Fledermaus\u00a0\u00bb (J. Strauss)<br \/>\n<a href=\"http:\/\/www.neuestheater.ch\"><strong>www.neuestheater.ch<\/strong><\/a><strong><br \/>\nsiehe auch Beitrag zur Produktion von arttv.ch: <\/strong><a href=\"https:\/\/www.arttv.ch\/buehne\/neuestheaterch-die-fledermaus-johann-strauss\/\"><strong>https:\/\/www.arttv.ch\/buehne\/neuestheaterch-die-fledermaus-johann-strauss\/<\/strong><\/a><\/p>\n<\/div><\/div><\/div><div class=\"fusion-panel panel-default panel-7aa2586989d39c7c6 fusion-toggle-has-divider\" style=\"--awb-title-color:#cee34b;\"><div class=\"panel-heading\"><h4 class=\"panel-title toggle\" id=\"toggle_7aa2586989d39c7c6\"><a aria-expanded=\"false\" aria-controls=\"7aa2586989d39c7c6\" role=\"button\" data-toggle=\"collapse\" data-parent=\"#accordion-818-1\" data-target=\"#7aa2586989d39c7c6\" href=\"#7aa2586989d39c7c6\"><span class=\"fusion-toggle-icon-wrapper\" aria-hidden=\"true\"><i class=\"fa-fusion-box active-icon awb-icon-minus\" aria-hidden=\"true\"><\/i><i class=\"fa-fusion-box inactive-icon awb-icon-plus\" aria-hidden=\"true\"><\/i><\/span><span class=\"fusion-toggle-heading\">Saison 19\/20<\/span><\/a><\/h4><\/div><div id=\"7aa2586989d39c7c6\" class=\"panel-collapse collapse \" aria-labelledby=\"toggle_7aa2586989d39c7c6\"><div class=\"panel-body toggle-content fusion-clearfix\">\n<p><strong>26.10. &#8211; 7.11.2019<br \/>\nLondrina, Curitiba, Sao Paolo \/ Brasilien<br \/>\nKonzerttournee mit \u00ab\u00a0Novum Castellum\u00a0\u00bb<\/strong><\/p>\n<p><strong>26., 31.12.2019 \/ 3., 5.1.2020<br \/>\nneuestheater.ch, Dornach<br \/>\nAlfonso in \u00ab\u00a0Cos\u00ec Fan Tutte\u00a0\u00bb (W.A. Mozart)<br \/>\nmit Laura Andres (Fiordiligi), Bettina Gfeller (Dorabella), R\u00e9my Burnens (Ferrando), Gerardo Garciacano (Guglielmo), Maya Boog (Despina)<br \/>\nmusikalische Leitung: Bruno Leuschner<br \/>\nDa Vinci Orchestra<br \/>\n<\/strong><a href=\"http:\/\/www.neuestheater.ch\"><strong>www.neuestheater.ch<\/strong><\/a><\/p>\n<\/div><\/div><\/div><\/div><\/div><\/div><\/div><div class=\"fusion-layout-column fusion_builder_column fusion-builder-column-6 fusion_builder_column_2_5 2_5 fusion-flex-column\" style=\"--awb-bg-position:center top;--awb-bg-size:cover;--awb-width-large:40%;--awb-margin-top-large:0px;--awb-spacing-right-large:0px;--awb-margin-bottom-large:0px;--awb-spacing-left-large:0px;--awb-width-medium:100%;--awb-order-medium:0;--awb-spacing-right-medium:0px;--awb-spacing-left-medium:0px;--awb-width-small:100%;--awb-order-small:0;--awb-spacing-right-small:0px;--awb-spacing-left-small:0px;\"><div class=\"fusion-column-wrapper lazyload fusion-column-has-shadow fusion-flex-justify-content-flex-start fusion-content-layout-column fusion-empty-column-bg-image fusion-column-has-bg-image\" data-bg-url=\"https:\/\/reumiller.ch\/wp-content\/uploads\/2021\/02\/Daniel-Reumiller-Agenda.jpg\" data-bg=\"https:\/\/reumiller.ch\/wp-content\/uploads\/2021\/02\/Daniel-Reumiller-Agenda.jpg\"><img decoding=\"async\" class=\"fusion-empty-dims-img-placeholder fusion-no-large-visibility\" aria-label=\"Daniel-Reumiller-Agenda\" src=\"data:image\/svg+xml,%3Csvg%20xmlns%3D%27http%3A%2F%2Fwww.w3.org%2F2000%2Fsvg%27%20width%3D%271280%27%20height%3D%271920%27%20viewBox%3D%270%200%201280%201920%27%3E%3Crect%20width%3D%271280%27%20height%3D%271920%27%20fill-opacity%3D%220%22%2F%3E%3C%2Fsvg%3E\"><\/div><\/div><\/div><\/div><\/div><div id=\"ecouter-voir\" class=\"fusion-container-anchor\"><div class=\"fusion-fullwidth fullwidth-box fusion-builder-row-5 fusion-flex-container has-pattern-background has-mask-background hundred-percent-fullwidth non-hundred-percent-height-scrolling\" style=\"--awb-background-position:left top;--awb-border-sizes-top:0px;--awb-border-sizes-bottom:0px;--awb-border-sizes-left:0px;--awb-border-sizes-right:0px;--awb-border-radius-top-left:0px;--awb-border-radius-top-right:0px;--awb-border-radius-bottom-right:0px;--awb-border-radius-bottom-left:0px;--awb-padding-top:0px;--awb-padding-right:0px;--awb-padding-bottom:0px;--awb-padding-left:0px;--awb-flex-wrap:wrap;\" ><div class=\"fusion-builder-row fusion-row fusion-flex-align-items-stretch fusion-flex-content-wrap\" style=\"width:calc( 100% + 0px ) !important;max-width:calc( 100% + 0px ) !important;margin-left: calc(-0px \/ 2 );margin-right: calc(-0px \/ 2 );\"><div class=\"fusion-layout-column fusion_builder_column fusion-builder-column-7 fusion_builder_column_3_5 3_5 fusion-flex-column\" style=\"--awb-padding-top:115px;--awb-padding-right:10%;--awb-padding-bottom:115px;--awb-padding-left:10%;--awb-bg-color:#1c212a;--awb-bg-color-hover:#1c212a;--awb-bg-size:cover;--awb-width-large:60%;--awb-margin-top-large:0px;--awb-spacing-right-large:0px;--awb-margin-bottom-large:0px;--awb-spacing-left-large:0px;--awb-width-medium:100%;--awb-spacing-right-medium:0px;--awb-spacing-left-medium:0px;--awb-width-small:100%;--awb-spacing-right-small:0px;--awb-spacing-left-small:0px;\"><div class=\"fusion-column-wrapper fusion-flex-justify-content-flex-start fusion-content-layout-column\"><div class=\"fusion-title title fusion-title-10 fusion-title-text fusion-title-size-two\" style=\"--awb-text-color:#282f3c;--awb-margin-bottom:10px;\"><div class=\"title-sep-container title-sep-container-left fusion-no-large-visibility fusion-no-medium-visibility fusion-no-small-visibility\"><div class=\"title-sep sep- sep-solid\" style=\"border-color:#e0dede;\"><\/div><\/div><span class=\"awb-title-spacer fusion-no-large-visibility fusion-no-medium-visibility fusion-no-small-visibility\"><\/span><h2 class=\"fusion-title-heading title-heading-left fusion-responsive-typography-calculated\" style=\"margin:0;--fontSize:72;line-height:1.2;\">ECOUTER &amp; VOIR.<\/h2><span class=\"awb-title-spacer\"><\/span><div class=\"title-sep-container title-sep-container-right\"><div class=\"title-sep sep- sep-solid\" style=\"border-color:#e0dede;\"><\/div><\/div><\/div><div class=\"fusion-title title fusion-title-11 fusion-title-text fusion-title-size-three\" style=\"--awb-text-color:#ffffff;\"><div class=\"title-sep-container title-sep-container-left fusion-no-large-visibility fusion-no-medium-visibility fusion-no-small-visibility\"><div class=\"title-sep sep- sep-solid\" style=\"border-color:#e0dede;\"><\/div><\/div><span class=\"awb-title-spacer fusion-no-large-visibility fusion-no-medium-visibility fusion-no-small-visibility\"><\/span><h3 class=\"fusion-title-heading title-heading-left fusion-responsive-typography-calculated\" style=\"margin:0;--fontSize:36;line-height:1.2;\">ENREGISTREMENTS ET PHOTOS DE SC\u00c8NE<\/h3><span class=\"awb-title-spacer\"><\/span><div class=\"title-sep-container title-sep-container-right\"><div class=\"title-sep sep- sep-solid\" style=\"border-color:#e0dede;\"><\/div><\/div><\/div><div class=\"fusion-text fusion-text-4\"><p>Une petite s\u00e9lection d\u2019enregistrements<\/p>\n<\/div><div class=\"fusion-audio fusion-audio-1\" style=\"--awb-progress-color:#cee34b;--awb-border-color:#cad3dd;--awb-background-color:rgba(255,255,255,0);--awb-max-width:100%;--awb-border-size:0;--awb-border-top-left-radius:0px;--awb-border-top-right-radius:0px;--awb-border-bottom-right-radius:0px;--awb-border-bottom-left-radius:0px;\"><!--[if lt IE 9]><script>document.createElement('audio');<\/script><![endif]-->\n<audio class=\"wp-audio-shortcode\" id=\"audio-818-1\" preload=\"none\" style=\"width: 100%;\" controls=\"controls\"><source type=\"audio\/mpeg\" src=\"https:\/\/reumiller.ch\/wp-content\/uploads\/2021\/03\/1-Basilio.mp3?_=1\" \/><a href=\"https:\/\/reumiller.ch\/wp-content\/uploads\/2021\/03\/1-Basilio.mp3\">https:\/\/reumiller.ch\/wp-content\/uploads\/2021\/03\/1-Basilio.mp3<\/a><\/audio><\/div><div class=\"fusion-text fusion-text-5\"><p>G. Rossini, Il Barbiere di Siviglia : \u00abLa Calunnia\u00bb (Air de Basilio)<\/p>\n<\/div><div class=\"fusion-audio fusion-audio-2\" style=\"--awb-progress-color:#cee34b;--awb-border-color:#cad3dd;--awb-background-color:rgba(255,255,255,0);--awb-max-width:100%;--awb-border-size:0;--awb-border-top-left-radius:0px;--awb-border-top-right-radius:0px;--awb-border-bottom-right-radius:0px;--awb-border-bottom-left-radius:0px;\"><audio class=\"wp-audio-shortcode\" id=\"audio-818-2\" preload=\"none\" style=\"width: 100%;\" controls=\"controls\"><source type=\"audio\/mpeg\" src=\"https:\/\/reumiller.ch\/wp-content\/uploads\/2021\/03\/2-Mephistopheles.mp3?_=2\" \/><a href=\"https:\/\/reumiller.ch\/wp-content\/uploads\/2021\/03\/2-Mephistopheles.mp3\">https:\/\/reumiller.ch\/wp-content\/uploads\/2021\/03\/2-Mephistopheles.mp3<\/a><\/audio><\/div><div class=\"fusion-text fusion-text-6\"><p>Ch. Gounod, Faust : \u00ab Le veau d\u2019or \u00bb (Air de M\u00e9philstoph\u00e9l\u00e8s)<\/p>\n<\/div><div class=\"fusion-audio fusion-audio-3\" style=\"--awb-progress-color:#cee34b;--awb-border-color:#cad3dd;--awb-background-color:rgba(255,255,255,0);--awb-max-width:100%;--awb-border-size:0;--awb-border-top-left-radius:0px;--awb-border-top-right-radius:0px;--awb-border-bottom-right-radius:0px;--awb-border-bottom-left-radius:0px;\"><audio class=\"wp-audio-shortcode\" id=\"audio-818-3\" preload=\"none\" style=\"width: 100%;\" controls=\"controls\"><source type=\"audio\/mpeg\" src=\"https:\/\/reumiller.ch\/wp-content\/uploads\/2021\/04\/3-Filippo.mp3?_=3\" \/><a href=\"https:\/\/reumiller.ch\/wp-content\/uploads\/2021\/04\/3-Filippo.mp3\">https:\/\/reumiller.ch\/wp-content\/uploads\/2021\/04\/3-Filippo.mp3<\/a><\/audio><\/div><div class=\"fusion-text fusion-text-7\"><p>G. Verdi, Don Carlo : \u00ab Ella giammai m\u2019am\u00f2 \u00bb (Air de Filippo)<\/p>\n<\/div><div class=\"fusion-audio fusion-audio-4\" style=\"--awb-progress-color:#cee34b;--awb-border-color:#cad3dd;--awb-background-color:rgba(255,255,255,0);--awb-max-width:100%;--awb-border-size:0;--awb-border-top-left-radius:0px;--awb-border-top-right-radius:0px;--awb-border-bottom-right-radius:0px;--awb-border-bottom-left-radius:0px;\"><audio class=\"wp-audio-shortcode\" id=\"audio-818-4\" preload=\"none\" style=\"width: 100%;\" controls=\"controls\"><source type=\"audio\/mpeg\" src=\"https:\/\/reumiller.ch\/wp-content\/uploads\/2021\/03\/4-Hostias.m4a?_=4\" \/><a href=\"https:\/\/reumiller.ch\/wp-content\/uploads\/2021\/03\/4-Hostias.m4a\">https:\/\/reumiller.ch\/wp-content\/uploads\/2021\/03\/4-Hostias.m4a<\/a><\/audio><\/div><div class=\"fusion-text fusion-text-8\"><p>F. von Supp\u00e8, Requiem: \u00abHostias\u00bb<\/p>\n<\/div><div class=\"fusion-audio fusion-audio-5\" style=\"--awb-progress-color:#cee34b;--awb-border-color:#cad3dd;--awb-background-color:rgba(255,255,255,0);--awb-max-width:100%;--awb-border-size:0;--awb-border-top-left-radius:0px;--awb-border-top-right-radius:0px;--awb-border-bottom-right-radius:0px;--awb-border-bottom-left-radius:0px;\"><audio class=\"wp-audio-shortcode\" id=\"audio-818-5\" preload=\"none\" style=\"width: 100%;\" controls=\"controls\"><source type=\"audio\/mpeg\" src=\"https:\/\/reumiller.ch\/wp-content\/uploads\/2021\/03\/5-Zueignung.m4a?_=5\" \/><a href=\"https:\/\/reumiller.ch\/wp-content\/uploads\/2021\/03\/5-Zueignung.m4a\">https:\/\/reumiller.ch\/wp-content\/uploads\/2021\/03\/5-Zueignung.m4a<\/a><\/audio><\/div><div class=\"fusion-text fusion-text-9\"><p>R. Strauss: \u00abZueignung\u00bb<\/p>\n<\/div><div class=\"fusion-text fusion-text-10\"><p>Tous les extraits sont des enregistrements en direct de concerts et d&rsquo;op\u00e9ras.<\/p>\n<\/div><div class=\"fusion-image-carousel fusion-image-carousel-auto fusion-image-carousel-1 lightbox-enabled\"><div class=\"awb-carousel awb-swiper awb-swiper-carousel\" data-autoplay=\"yes\" data-columns=\"1\" data-itemmargin=\"0\" data-itemwidth=\"180\" data-touchscroll=\"yes\" data-imagesize=\"auto\" style=\"--awb-columns:1;--awb-column-spacing:0px;\"><div class=\"swiper-wrapper awb-image-carousel-wrapper fusion-flex-align-items-center\"><div class=\"swiper-slide\"><div class=\"fusion-carousel-item-wrapper\"><div class=\"fusion-image-wrapper hover-type-none\"><img decoding=\"async\" width=\"1200\" height=\"800\" src=\"https:\/\/reumiller.ch\/wp-content\/uploads\/2021\/04\/Don-Pasquale-01-1.jpg\" class=\"attachment-full size-full lazyload\" alt=\"\" srcset=\"data:image\/svg+xml,%3Csvg%20xmlns%3D%27http%3A%2F%2Fwww.w3.org%2F2000%2Fsvg%27%20width%3D%271200%27%20height%3D%27800%27%20viewBox%3D%270%200%201200%20800%27%3E%3Crect%20width%3D%271200%27%20height%3D%27800%27%20fill-opacity%3D%220%22%2F%3E%3C%2Fsvg%3E\" data-orig-src=\"https:\/\/reumiller.ch\/wp-content\/uploads\/2021\/04\/Don-Pasquale-01-1.jpg\" data-srcset=\"https:\/\/reumiller.ch\/wp-content\/uploads\/2021\/04\/Don-Pasquale-01-1-200x133.jpg 200w, https:\/\/reumiller.ch\/wp-content\/uploads\/2021\/04\/Don-Pasquale-01-1-300x200.jpg 300w, https:\/\/reumiller.ch\/wp-content\/uploads\/2021\/04\/Don-Pasquale-01-1-400x267.jpg 400w, https:\/\/reumiller.ch\/wp-content\/uploads\/2021\/04\/Don-Pasquale-01-1-600x400.jpg 600w, https:\/\/reumiller.ch\/wp-content\/uploads\/2021\/04\/Don-Pasquale-01-1-768x512.jpg 768w, https:\/\/reumiller.ch\/wp-content\/uploads\/2021\/04\/Don-Pasquale-01-1-800x533.jpg 800w, https:\/\/reumiller.ch\/wp-content\/uploads\/2021\/04\/Don-Pasquale-01-1-1024x683.jpg 1024w, https:\/\/reumiller.ch\/wp-content\/uploads\/2021\/04\/Don-Pasquale-01-1.jpg 1200w\" data-sizes=\"auto\" \/><\/div><\/div><\/div><div class=\"swiper-slide\"><div class=\"fusion-carousel-item-wrapper\"><div class=\"fusion-image-wrapper hover-type-none\"><img decoding=\"async\" width=\"1200\" height=\"800\" src=\"https:\/\/reumiller.ch\/wp-content\/uploads\/2021\/04\/Don-Pasquale-02-1.jpg\" class=\"attachment-full size-full lazyload\" alt=\"\" srcset=\"data:image\/svg+xml,%3Csvg%20xmlns%3D%27http%3A%2F%2Fwww.w3.org%2F2000%2Fsvg%27%20width%3D%271200%27%20height%3D%27800%27%20viewBox%3D%270%200%201200%20800%27%3E%3Crect%20width%3D%271200%27%20height%3D%27800%27%20fill-opacity%3D%220%22%2F%3E%3C%2Fsvg%3E\" data-orig-src=\"https:\/\/reumiller.ch\/wp-content\/uploads\/2021\/04\/Don-Pasquale-02-1.jpg\" data-srcset=\"https:\/\/reumiller.ch\/wp-content\/uploads\/2021\/04\/Don-Pasquale-02-1-200x133.jpg 200w, https:\/\/reumiller.ch\/wp-content\/uploads\/2021\/04\/Don-Pasquale-02-1-300x200.jpg 300w, https:\/\/reumiller.ch\/wp-content\/uploads\/2021\/04\/Don-Pasquale-02-1-400x267.jpg 400w, https:\/\/reumiller.ch\/wp-content\/uploads\/2021\/04\/Don-Pasquale-02-1-600x400.jpg 600w, https:\/\/reumiller.ch\/wp-content\/uploads\/2021\/04\/Don-Pasquale-02-1-768x512.jpg 768w, https:\/\/reumiller.ch\/wp-content\/uploads\/2021\/04\/Don-Pasquale-02-1-800x533.jpg 800w, https:\/\/reumiller.ch\/wp-content\/uploads\/2021\/04\/Don-Pasquale-02-1-1024x683.jpg 1024w, https:\/\/reumiller.ch\/wp-content\/uploads\/2021\/04\/Don-Pasquale-02-1.jpg 1200w\" data-sizes=\"auto\" \/><\/div><\/div><\/div><div class=\"swiper-slide\"><div class=\"fusion-carousel-item-wrapper\"><div class=\"fusion-image-wrapper hover-type-none\"><img decoding=\"async\" width=\"1200\" height=\"800\" src=\"https:\/\/reumiller.ch\/wp-content\/uploads\/2021\/04\/Don-Pasquale-mit-Jardena-Flu\u0308ckier-als-Norina.jpg\" class=\"attachment-full size-full lazyload\" alt=\"\" srcset=\"data:image\/svg+xml,%3Csvg%20xmlns%3D%27http%3A%2F%2Fwww.w3.org%2F2000%2Fsvg%27%20width%3D%271200%27%20height%3D%27800%27%20viewBox%3D%270%200%201200%20800%27%3E%3Crect%20width%3D%271200%27%20height%3D%27800%27%20fill-opacity%3D%220%22%2F%3E%3C%2Fsvg%3E\" data-orig-src=\"https:\/\/reumiller.ch\/wp-content\/uploads\/2021\/04\/Don-Pasquale-mit-Jardena-Flu\u0308ckier-als-Norina.jpg\" data-srcset=\"https:\/\/reumiller.ch\/wp-content\/uploads\/2021\/04\/Don-Pasquale-mit-Jardena-Flu\u0308ckier-als-Norina-200x133.jpg 200w, https:\/\/reumiller.ch\/wp-content\/uploads\/2021\/04\/Don-Pasquale-mit-Jardena-Flu\u0308ckier-als-Norina-300x200.jpg 300w, https:\/\/reumiller.ch\/wp-content\/uploads\/2021\/04\/Don-Pasquale-mit-Jardena-Flu\u0308ckier-als-Norina-400x267.jpg 400w, https:\/\/reumiller.ch\/wp-content\/uploads\/2021\/04\/Don-Pasquale-mit-Jardena-Flu\u0308ckier-als-Norina-600x400.jpg 600w, https:\/\/reumiller.ch\/wp-content\/uploads\/2021\/04\/Don-Pasquale-mit-Jardena-Flu\u0308ckier-als-Norina-768x512.jpg 768w, https:\/\/reumiller.ch\/wp-content\/uploads\/2021\/04\/Don-Pasquale-mit-Jardena-Flu\u0308ckier-als-Norina-800x533.jpg 800w, https:\/\/reumiller.ch\/wp-content\/uploads\/2021\/04\/Don-Pasquale-mit-Jardena-Flu\u0308ckier-als-Norina-1024x683.jpg 1024w, https:\/\/reumiller.ch\/wp-content\/uploads\/2021\/04\/Don-Pasquale-mit-Jardena-Flu\u0308ckier-als-Norina.jpg 1200w\" data-sizes=\"auto\" \/><\/div><\/div><\/div><div class=\"swiper-slide\"><div class=\"fusion-carousel-item-wrapper\"><div class=\"fusion-image-wrapper hover-type-none\"><img decoding=\"async\" width=\"1200\" height=\"800\" src=\"https:\/\/reumiller.ch\/wp-content\/uploads\/2021\/04\/Alfonso-in-Cosi\u0300-fan-tutte-mit-Maya-Boog-als-Despina-01.jpg\" class=\"attachment-full size-full lazyload\" alt=\"\" srcset=\"data:image\/svg+xml,%3Csvg%20xmlns%3D%27http%3A%2F%2Fwww.w3.org%2F2000%2Fsvg%27%20width%3D%271200%27%20height%3D%27800%27%20viewBox%3D%270%200%201200%20800%27%3E%3Crect%20width%3D%271200%27%20height%3D%27800%27%20fill-opacity%3D%220%22%2F%3E%3C%2Fsvg%3E\" data-orig-src=\"https:\/\/reumiller.ch\/wp-content\/uploads\/2021\/04\/Alfonso-in-Cosi\u0300-fan-tutte-mit-Maya-Boog-als-Despina-01.jpg\" data-srcset=\"https:\/\/reumiller.ch\/wp-content\/uploads\/2021\/04\/Alfonso-in-Cosi\u0300-fan-tutte-mit-Maya-Boog-als-Despina-01-200x133.jpg 200w, https:\/\/reumiller.ch\/wp-content\/uploads\/2021\/04\/Alfonso-in-Cosi\u0300-fan-tutte-mit-Maya-Boog-als-Despina-01-300x200.jpg 300w, https:\/\/reumiller.ch\/wp-content\/uploads\/2021\/04\/Alfonso-in-Cosi\u0300-fan-tutte-mit-Maya-Boog-als-Despina-01-400x267.jpg 400w, https:\/\/reumiller.ch\/wp-content\/uploads\/2021\/04\/Alfonso-in-Cosi\u0300-fan-tutte-mit-Maya-Boog-als-Despina-01-600x400.jpg 600w, https:\/\/reumiller.ch\/wp-content\/uploads\/2021\/04\/Alfonso-in-Cosi\u0300-fan-tutte-mit-Maya-Boog-als-Despina-01-768x512.jpg 768w, https:\/\/reumiller.ch\/wp-content\/uploads\/2021\/04\/Alfonso-in-Cosi\u0300-fan-tutte-mit-Maya-Boog-als-Despina-01-800x533.jpg 800w, https:\/\/reumiller.ch\/wp-content\/uploads\/2021\/04\/Alfonso-in-Cosi\u0300-fan-tutte-mit-Maya-Boog-als-Despina-01-1024x683.jpg 1024w, https:\/\/reumiller.ch\/wp-content\/uploads\/2021\/04\/Alfonso-in-Cosi\u0300-fan-tutte-mit-Maya-Boog-als-Despina-01.jpg 1200w\" data-sizes=\"auto\" \/><\/div><\/div><\/div><div class=\"swiper-slide\"><div class=\"fusion-carousel-item-wrapper\"><div class=\"fusion-image-wrapper hover-type-none\"><img decoding=\"async\" width=\"1200\" height=\"800\" src=\"https:\/\/reumiller.ch\/wp-content\/uploads\/2021\/04\/Alfonso-in-Cosi\u0300-fan-tutte-mit-Maya-Boog-als-Despina-02.jpg\" class=\"attachment-full size-full lazyload\" alt=\"\" srcset=\"data:image\/svg+xml,%3Csvg%20xmlns%3D%27http%3A%2F%2Fwww.w3.org%2F2000%2Fsvg%27%20width%3D%271200%27%20height%3D%27800%27%20viewBox%3D%270%200%201200%20800%27%3E%3Crect%20width%3D%271200%27%20height%3D%27800%27%20fill-opacity%3D%220%22%2F%3E%3C%2Fsvg%3E\" data-orig-src=\"https:\/\/reumiller.ch\/wp-content\/uploads\/2021\/04\/Alfonso-in-Cosi\u0300-fan-tutte-mit-Maya-Boog-als-Despina-02.jpg\" data-srcset=\"https:\/\/reumiller.ch\/wp-content\/uploads\/2021\/04\/Alfonso-in-Cosi\u0300-fan-tutte-mit-Maya-Boog-als-Despina-02-200x133.jpg 200w, https:\/\/reumiller.ch\/wp-content\/uploads\/2021\/04\/Alfonso-in-Cosi\u0300-fan-tutte-mit-Maya-Boog-als-Despina-02-300x200.jpg 300w, https:\/\/reumiller.ch\/wp-content\/uploads\/2021\/04\/Alfonso-in-Cosi\u0300-fan-tutte-mit-Maya-Boog-als-Despina-02-400x267.jpg 400w, https:\/\/reumiller.ch\/wp-content\/uploads\/2021\/04\/Alfonso-in-Cosi\u0300-fan-tutte-mit-Maya-Boog-als-Despina-02-600x400.jpg 600w, https:\/\/reumiller.ch\/wp-content\/uploads\/2021\/04\/Alfonso-in-Cosi\u0300-fan-tutte-mit-Maya-Boog-als-Despina-02-768x512.jpg 768w, https:\/\/reumiller.ch\/wp-content\/uploads\/2021\/04\/Alfonso-in-Cosi\u0300-fan-tutte-mit-Maya-Boog-als-Despina-02-800x533.jpg 800w, https:\/\/reumiller.ch\/wp-content\/uploads\/2021\/04\/Alfonso-in-Cosi\u0300-fan-tutte-mit-Maya-Boog-als-Despina-02-1024x683.jpg 1024w, https:\/\/reumiller.ch\/wp-content\/uploads\/2021\/04\/Alfonso-in-Cosi\u0300-fan-tutte-mit-Maya-Boog-als-Despina-02.jpg 1200w\" data-sizes=\"auto\" \/><\/div><\/div><\/div><div class=\"swiper-slide\"><div class=\"fusion-carousel-item-wrapper\"><div class=\"fusion-image-wrapper hover-type-none\"><img decoding=\"async\" width=\"1200\" height=\"800\" src=\"https:\/\/reumiller.ch\/wp-content\/uploads\/2021\/04\/Alfonso-in-Cosi\u0300-fan-tutte-mit-Gerardo-Guarciacano-als-Guglielmi-und-Re\u0301my-Burnens-als-Ferrando.jpg\" class=\"attachment-full size-full lazyload\" alt=\"\" srcset=\"data:image\/svg+xml,%3Csvg%20xmlns%3D%27http%3A%2F%2Fwww.w3.org%2F2000%2Fsvg%27%20width%3D%271200%27%20height%3D%27800%27%20viewBox%3D%270%200%201200%20800%27%3E%3Crect%20width%3D%271200%27%20height%3D%27800%27%20fill-opacity%3D%220%22%2F%3E%3C%2Fsvg%3E\" data-orig-src=\"https:\/\/reumiller.ch\/wp-content\/uploads\/2021\/04\/Alfonso-in-Cosi\u0300-fan-tutte-mit-Gerardo-Guarciacano-als-Guglielmi-und-Re\u0301my-Burnens-als-Ferrando.jpg\" data-srcset=\"https:\/\/reumiller.ch\/wp-content\/uploads\/2021\/04\/Alfonso-in-Cosi\u0300-fan-tutte-mit-Gerardo-Guarciacano-als-Guglielmi-und-Re\u0301my-Burnens-als-Ferrando-200x133.jpg 200w, https:\/\/reumiller.ch\/wp-content\/uploads\/2021\/04\/Alfonso-in-Cosi\u0300-fan-tutte-mit-Gerardo-Guarciacano-als-Guglielmi-und-Re\u0301my-Burnens-als-Ferrando-300x200.jpg 300w, https:\/\/reumiller.ch\/wp-content\/uploads\/2021\/04\/Alfonso-in-Cosi\u0300-fan-tutte-mit-Gerardo-Guarciacano-als-Guglielmi-und-Re\u0301my-Burnens-als-Ferrando-400x267.jpg 400w, https:\/\/reumiller.ch\/wp-content\/uploads\/2021\/04\/Alfonso-in-Cosi\u0300-fan-tutte-mit-Gerardo-Guarciacano-als-Guglielmi-und-Re\u0301my-Burnens-als-Ferrando-600x400.jpg 600w, https:\/\/reumiller.ch\/wp-content\/uploads\/2021\/04\/Alfonso-in-Cosi\u0300-fan-tutte-mit-Gerardo-Guarciacano-als-Guglielmi-und-Re\u0301my-Burnens-als-Ferrando-768x512.jpg 768w, https:\/\/reumiller.ch\/wp-content\/uploads\/2021\/04\/Alfonso-in-Cosi\u0300-fan-tutte-mit-Gerardo-Guarciacano-als-Guglielmi-und-Re\u0301my-Burnens-als-Ferrando-800x533.jpg 800w, https:\/\/reumiller.ch\/wp-content\/uploads\/2021\/04\/Alfonso-in-Cosi\u0300-fan-tutte-mit-Gerardo-Guarciacano-als-Guglielmi-und-Re\u0301my-Burnens-als-Ferrando-1024x683.jpg 1024w, https:\/\/reumiller.ch\/wp-content\/uploads\/2021\/04\/Alfonso-in-Cosi\u0300-fan-tutte-mit-Gerardo-Guarciacano-als-Guglielmi-und-Re\u0301my-Burnens-als-Ferrando.jpg 1200w\" data-sizes=\"auto\" \/><\/div><\/div><\/div><div class=\"swiper-slide\"><div class=\"fusion-carousel-item-wrapper\"><div class=\"fusion-image-wrapper hover-type-none\"><img decoding=\"async\" width=\"1200\" height=\"800\" src=\"https:\/\/reumiller.ch\/wp-content\/uploads\/2021\/04\/Gefa\u0308ngnisdirektor-Frank-in-Die-Fledermaus-mit-Nino-Aurelio-Gmu\u0308nder-als-Alfredo-und-Tatjana-Gazdik-als-Rosalinde.jpg\" class=\"attachment-full size-full lazyload\" alt=\"\" srcset=\"data:image\/svg+xml,%3Csvg%20xmlns%3D%27http%3A%2F%2Fwww.w3.org%2F2000%2Fsvg%27%20width%3D%271200%27%20height%3D%27800%27%20viewBox%3D%270%200%201200%20800%27%3E%3Crect%20width%3D%271200%27%20height%3D%27800%27%20fill-opacity%3D%220%22%2F%3E%3C%2Fsvg%3E\" data-orig-src=\"https:\/\/reumiller.ch\/wp-content\/uploads\/2021\/04\/Gefa\u0308ngnisdirektor-Frank-in-Die-Fledermaus-mit-Nino-Aurelio-Gmu\u0308nder-als-Alfredo-und-Tatjana-Gazdik-als-Rosalinde.jpg\" data-srcset=\"https:\/\/reumiller.ch\/wp-content\/uploads\/2021\/04\/Gefa\u0308ngnisdirektor-Frank-in-Die-Fledermaus-mit-Nino-Aurelio-Gmu\u0308nder-als-Alfredo-und-Tatjana-Gazdik-als-Rosalinde-200x133.jpg 200w, https:\/\/reumiller.ch\/wp-content\/uploads\/2021\/04\/Gefa\u0308ngnisdirektor-Frank-in-Die-Fledermaus-mit-Nino-Aurelio-Gmu\u0308nder-als-Alfredo-und-Tatjana-Gazdik-als-Rosalinde-300x200.jpg 300w, https:\/\/reumiller.ch\/wp-content\/uploads\/2021\/04\/Gefa\u0308ngnisdirektor-Frank-in-Die-Fledermaus-mit-Nino-Aurelio-Gmu\u0308nder-als-Alfredo-und-Tatjana-Gazdik-als-Rosalinde-400x267.jpg 400w, https:\/\/reumiller.ch\/wp-content\/uploads\/2021\/04\/Gefa\u0308ngnisdirektor-Frank-in-Die-Fledermaus-mit-Nino-Aurelio-Gmu\u0308nder-als-Alfredo-und-Tatjana-Gazdik-als-Rosalinde-600x400.jpg 600w, https:\/\/reumiller.ch\/wp-content\/uploads\/2021\/04\/Gefa\u0308ngnisdirektor-Frank-in-Die-Fledermaus-mit-Nino-Aurelio-Gmu\u0308nder-als-Alfredo-und-Tatjana-Gazdik-als-Rosalinde-768x512.jpg 768w, https:\/\/reumiller.ch\/wp-content\/uploads\/2021\/04\/Gefa\u0308ngnisdirektor-Frank-in-Die-Fledermaus-mit-Nino-Aurelio-Gmu\u0308nder-als-Alfredo-und-Tatjana-Gazdik-als-Rosalinde-800x533.jpg 800w, https:\/\/reumiller.ch\/wp-content\/uploads\/2021\/04\/Gefa\u0308ngnisdirektor-Frank-in-Die-Fledermaus-mit-Nino-Aurelio-Gmu\u0308nder-als-Alfredo-und-Tatjana-Gazdik-als-Rosalinde-1024x683.jpg 1024w, https:\/\/reumiller.ch\/wp-content\/uploads\/2021\/04\/Gefa\u0308ngnisdirektor-Frank-in-Die-Fledermaus-mit-Nino-Aurelio-Gmu\u0308nder-als-Alfredo-und-Tatjana-Gazdik-als-Rosalinde.jpg 1200w\" data-sizes=\"auto\" \/><\/div><\/div><\/div><div class=\"swiper-slide\"><div class=\"fusion-carousel-item-wrapper\"><div class=\"fusion-image-wrapper hover-type-none\"><img decoding=\"async\" width=\"1200\" height=\"800\" src=\"https:\/\/reumiller.ch\/wp-content\/uploads\/2021\/04\/Gefa\u0308ngnisdirektor-Frank-in-Die-Fledermaus-rechts-mit-Ensemble.jpg\" class=\"attachment-full size-full lazyload\" alt=\"\" srcset=\"data:image\/svg+xml,%3Csvg%20xmlns%3D%27http%3A%2F%2Fwww.w3.org%2F2000%2Fsvg%27%20width%3D%271200%27%20height%3D%27800%27%20viewBox%3D%270%200%201200%20800%27%3E%3Crect%20width%3D%271200%27%20height%3D%27800%27%20fill-opacity%3D%220%22%2F%3E%3C%2Fsvg%3E\" data-orig-src=\"https:\/\/reumiller.ch\/wp-content\/uploads\/2021\/04\/Gefa\u0308ngnisdirektor-Frank-in-Die-Fledermaus-rechts-mit-Ensemble.jpg\" data-srcset=\"https:\/\/reumiller.ch\/wp-content\/uploads\/2021\/04\/Gefa\u0308ngnisdirektor-Frank-in-Die-Fledermaus-rechts-mit-Ensemble-200x133.jpg 200w, https:\/\/reumiller.ch\/wp-content\/uploads\/2021\/04\/Gefa\u0308ngnisdirektor-Frank-in-Die-Fledermaus-rechts-mit-Ensemble-300x200.jpg 300w, https:\/\/reumiller.ch\/wp-content\/uploads\/2021\/04\/Gefa\u0308ngnisdirektor-Frank-in-Die-Fledermaus-rechts-mit-Ensemble-400x267.jpg 400w, https:\/\/reumiller.ch\/wp-content\/uploads\/2021\/04\/Gefa\u0308ngnisdirektor-Frank-in-Die-Fledermaus-rechts-mit-Ensemble-600x400.jpg 600w, https:\/\/reumiller.ch\/wp-content\/uploads\/2021\/04\/Gefa\u0308ngnisdirektor-Frank-in-Die-Fledermaus-rechts-mit-Ensemble-768x512.jpg 768w, https:\/\/reumiller.ch\/wp-content\/uploads\/2021\/04\/Gefa\u0308ngnisdirektor-Frank-in-Die-Fledermaus-rechts-mit-Ensemble-800x533.jpg 800w, https:\/\/reumiller.ch\/wp-content\/uploads\/2021\/04\/Gefa\u0308ngnisdirektor-Frank-in-Die-Fledermaus-rechts-mit-Ensemble-1024x683.jpg 1024w, https:\/\/reumiller.ch\/wp-content\/uploads\/2021\/04\/Gefa\u0308ngnisdirektor-Frank-in-Die-Fledermaus-rechts-mit-Ensemble.jpg 1200w\" data-sizes=\"auto\" \/><\/div><\/div><\/div><div class=\"swiper-slide\"><div class=\"fusion-carousel-item-wrapper\"><div class=\"fusion-image-wrapper hover-type-none\"><img decoding=\"async\" width=\"1200\" height=\"800\" src=\"https:\/\/reumiller.ch\/wp-content\/uploads\/2021\/04\/Gefa\u0308ngnisdirektor-Frank-in-Die-Fledermaus-mit-Kathrin-Hottiger-als-Adele.jpg\" class=\"attachment-full size-full lazyload\" alt=\"\" srcset=\"data:image\/svg+xml,%3Csvg%20xmlns%3D%27http%3A%2F%2Fwww.w3.org%2F2000%2Fsvg%27%20width%3D%271200%27%20height%3D%27800%27%20viewBox%3D%270%200%201200%20800%27%3E%3Crect%20width%3D%271200%27%20height%3D%27800%27%20fill-opacity%3D%220%22%2F%3E%3C%2Fsvg%3E\" data-orig-src=\"https:\/\/reumiller.ch\/wp-content\/uploads\/2021\/04\/Gefa\u0308ngnisdirektor-Frank-in-Die-Fledermaus-mit-Kathrin-Hottiger-als-Adele.jpg\" data-srcset=\"https:\/\/reumiller.ch\/wp-content\/uploads\/2021\/04\/Gefa\u0308ngnisdirektor-Frank-in-Die-Fledermaus-mit-Kathrin-Hottiger-als-Adele-200x133.jpg 200w, https:\/\/reumiller.ch\/wp-content\/uploads\/2021\/04\/Gefa\u0308ngnisdirektor-Frank-in-Die-Fledermaus-mit-Kathrin-Hottiger-als-Adele-300x200.jpg 300w, https:\/\/reumiller.ch\/wp-content\/uploads\/2021\/04\/Gefa\u0308ngnisdirektor-Frank-in-Die-Fledermaus-mit-Kathrin-Hottiger-als-Adele-400x267.jpg 400w, https:\/\/reumiller.ch\/wp-content\/uploads\/2021\/04\/Gefa\u0308ngnisdirektor-Frank-in-Die-Fledermaus-mit-Kathrin-Hottiger-als-Adele-600x400.jpg 600w, https:\/\/reumiller.ch\/wp-content\/uploads\/2021\/04\/Gefa\u0308ngnisdirektor-Frank-in-Die-Fledermaus-mit-Kathrin-Hottiger-als-Adele-768x512.jpg 768w, https:\/\/reumiller.ch\/wp-content\/uploads\/2021\/04\/Gefa\u0308ngnisdirektor-Frank-in-Die-Fledermaus-mit-Kathrin-Hottiger-als-Adele-800x533.jpg 800w, https:\/\/reumiller.ch\/wp-content\/uploads\/2021\/04\/Gefa\u0308ngnisdirektor-Frank-in-Die-Fledermaus-mit-Kathrin-Hottiger-als-Adele-1024x683.jpg 1024w, https:\/\/reumiller.ch\/wp-content\/uploads\/2021\/04\/Gefa\u0308ngnisdirektor-Frank-in-Die-Fledermaus-mit-Kathrin-Hottiger-als-Adele.jpg 1200w\" data-sizes=\"auto\" \/><\/div><\/div><\/div><div class=\"swiper-slide\"><div class=\"fusion-carousel-item-wrapper\"><div class=\"fusion-image-wrapper hover-type-none\"><img decoding=\"async\" width=\"1200\" height=\"800\" src=\"https:\/\/reumiller.ch\/wp-content\/uploads\/2021\/04\/Gefa\u0308ngnisdirektor-Frank-in-Die-Fledermaus-mit-Rolf-Romei-als-Eisenstein.jpg\" class=\"attachment-full size-full lazyload\" alt=\"\" srcset=\"data:image\/svg+xml,%3Csvg%20xmlns%3D%27http%3A%2F%2Fwww.w3.org%2F2000%2Fsvg%27%20width%3D%271200%27%20height%3D%27800%27%20viewBox%3D%270%200%201200%20800%27%3E%3Crect%20width%3D%271200%27%20height%3D%27800%27%20fill-opacity%3D%220%22%2F%3E%3C%2Fsvg%3E\" data-orig-src=\"https:\/\/reumiller.ch\/wp-content\/uploads\/2021\/04\/Gefa\u0308ngnisdirektor-Frank-in-Die-Fledermaus-mit-Rolf-Romei-als-Eisenstein.jpg\" data-srcset=\"https:\/\/reumiller.ch\/wp-content\/uploads\/2021\/04\/Gefa\u0308ngnisdirektor-Frank-in-Die-Fledermaus-mit-Rolf-Romei-als-Eisenstein-200x133.jpg 200w, https:\/\/reumiller.ch\/wp-content\/uploads\/2021\/04\/Gefa\u0308ngnisdirektor-Frank-in-Die-Fledermaus-mit-Rolf-Romei-als-Eisenstein-300x200.jpg 300w, https:\/\/reumiller.ch\/wp-content\/uploads\/2021\/04\/Gefa\u0308ngnisdirektor-Frank-in-Die-Fledermaus-mit-Rolf-Romei-als-Eisenstein-400x267.jpg 400w, https:\/\/reumiller.ch\/wp-content\/uploads\/2021\/04\/Gefa\u0308ngnisdirektor-Frank-in-Die-Fledermaus-mit-Rolf-Romei-als-Eisenstein-600x400.jpg 600w, https:\/\/reumiller.ch\/wp-content\/uploads\/2021\/04\/Gefa\u0308ngnisdirektor-Frank-in-Die-Fledermaus-mit-Rolf-Romei-als-Eisenstein-768x512.jpg 768w, https:\/\/reumiller.ch\/wp-content\/uploads\/2021\/04\/Gefa\u0308ngnisdirektor-Frank-in-Die-Fledermaus-mit-Rolf-Romei-als-Eisenstein-800x533.jpg 800w, https:\/\/reumiller.ch\/wp-content\/uploads\/2021\/04\/Gefa\u0308ngnisdirektor-Frank-in-Die-Fledermaus-mit-Rolf-Romei-als-Eisenstein-1024x683.jpg 1024w, https:\/\/reumiller.ch\/wp-content\/uploads\/2021\/04\/Gefa\u0308ngnisdirektor-Frank-in-Die-Fledermaus-mit-Rolf-Romei-als-Eisenstein.jpg 1200w\" data-sizes=\"auto\" \/><\/div><\/div><\/div><div class=\"swiper-slide\"><div class=\"fusion-carousel-item-wrapper\"><div class=\"fusion-image-wrapper hover-type-none\"><img decoding=\"async\" width=\"1200\" height=\"800\" src=\"https:\/\/reumiller.ch\/wp-content\/uploads\/2021\/04\/Sulpice-in-La-Fille-du-Re\u0301giment-mit-Flurina-Ruoss-als-Marie.jpg\" class=\"attachment-full size-full lazyload\" alt=\"\" srcset=\"data:image\/svg+xml,%3Csvg%20xmlns%3D%27http%3A%2F%2Fwww.w3.org%2F2000%2Fsvg%27%20width%3D%271200%27%20height%3D%27800%27%20viewBox%3D%270%200%201200%20800%27%3E%3Crect%20width%3D%271200%27%20height%3D%27800%27%20fill-opacity%3D%220%22%2F%3E%3C%2Fsvg%3E\" data-orig-src=\"https:\/\/reumiller.ch\/wp-content\/uploads\/2021\/04\/Sulpice-in-La-Fille-du-Re\u0301giment-mit-Flurina-Ruoss-als-Marie.jpg\" data-srcset=\"https:\/\/reumiller.ch\/wp-content\/uploads\/2021\/04\/Sulpice-in-La-Fille-du-Re\u0301giment-mit-Flurina-Ruoss-als-Marie-200x133.jpg 200w, https:\/\/reumiller.ch\/wp-content\/uploads\/2021\/04\/Sulpice-in-La-Fille-du-Re\u0301giment-mit-Flurina-Ruoss-als-Marie-300x200.jpg 300w, https:\/\/reumiller.ch\/wp-content\/uploads\/2021\/04\/Sulpice-in-La-Fille-du-Re\u0301giment-mit-Flurina-Ruoss-als-Marie-400x267.jpg 400w, https:\/\/reumiller.ch\/wp-content\/uploads\/2021\/04\/Sulpice-in-La-Fille-du-Re\u0301giment-mit-Flurina-Ruoss-als-Marie-600x400.jpg 600w, https:\/\/reumiller.ch\/wp-content\/uploads\/2021\/04\/Sulpice-in-La-Fille-du-Re\u0301giment-mit-Flurina-Ruoss-als-Marie-768x512.jpg 768w, https:\/\/reumiller.ch\/wp-content\/uploads\/2021\/04\/Sulpice-in-La-Fille-du-Re\u0301giment-mit-Flurina-Ruoss-als-Marie-800x533.jpg 800w, https:\/\/reumiller.ch\/wp-content\/uploads\/2021\/04\/Sulpice-in-La-Fille-du-Re\u0301giment-mit-Flurina-Ruoss-als-Marie-1024x683.jpg 1024w, https:\/\/reumiller.ch\/wp-content\/uploads\/2021\/04\/Sulpice-in-La-Fille-du-Re\u0301giment-mit-Flurina-Ruoss-als-Marie.jpg 1200w\" data-sizes=\"auto\" \/><\/div><\/div><\/div><div class=\"swiper-slide\"><div class=\"fusion-carousel-item-wrapper\"><div class=\"fusion-image-wrapper hover-type-none\"><img decoding=\"async\" width=\"1200\" height=\"800\" src=\"https:\/\/reumiller.ch\/wp-content\/uploads\/2021\/04\/Publio-in-La-Clemenza-di-Tito-mit-Nino-Aurelio-Gmu\u0308nder-als-Tito-01.jpg\" class=\"attachment-full size-full lazyload\" alt=\"\" srcset=\"data:image\/svg+xml,%3Csvg%20xmlns%3D%27http%3A%2F%2Fwww.w3.org%2F2000%2Fsvg%27%20width%3D%271200%27%20height%3D%27800%27%20viewBox%3D%270%200%201200%20800%27%3E%3Crect%20width%3D%271200%27%20height%3D%27800%27%20fill-opacity%3D%220%22%2F%3E%3C%2Fsvg%3E\" data-orig-src=\"https:\/\/reumiller.ch\/wp-content\/uploads\/2021\/04\/Publio-in-La-Clemenza-di-Tito-mit-Nino-Aurelio-Gmu\u0308nder-als-Tito-01.jpg\" data-srcset=\"https:\/\/reumiller.ch\/wp-content\/uploads\/2021\/04\/Publio-in-La-Clemenza-di-Tito-mit-Nino-Aurelio-Gmu\u0308nder-als-Tito-01-200x133.jpg 200w, https:\/\/reumiller.ch\/wp-content\/uploads\/2021\/04\/Publio-in-La-Clemenza-di-Tito-mit-Nino-Aurelio-Gmu\u0308nder-als-Tito-01-300x200.jpg 300w, https:\/\/reumiller.ch\/wp-content\/uploads\/2021\/04\/Publio-in-La-Clemenza-di-Tito-mit-Nino-Aurelio-Gmu\u0308nder-als-Tito-01-400x267.jpg 400w, https:\/\/reumiller.ch\/wp-content\/uploads\/2021\/04\/Publio-in-La-Clemenza-di-Tito-mit-Nino-Aurelio-Gmu\u0308nder-als-Tito-01-600x400.jpg 600w, https:\/\/reumiller.ch\/wp-content\/uploads\/2021\/04\/Publio-in-La-Clemenza-di-Tito-mit-Nino-Aurelio-Gmu\u0308nder-als-Tito-01-768x512.jpg 768w, https:\/\/reumiller.ch\/wp-content\/uploads\/2021\/04\/Publio-in-La-Clemenza-di-Tito-mit-Nino-Aurelio-Gmu\u0308nder-als-Tito-01-800x533.jpg 800w, https:\/\/reumiller.ch\/wp-content\/uploads\/2021\/04\/Publio-in-La-Clemenza-di-Tito-mit-Nino-Aurelio-Gmu\u0308nder-als-Tito-01-1024x683.jpg 1024w, https:\/\/reumiller.ch\/wp-content\/uploads\/2021\/04\/Publio-in-La-Clemenza-di-Tito-mit-Nino-Aurelio-Gmu\u0308nder-als-Tito-01.jpg 1200w\" data-sizes=\"auto\" \/><\/div><\/div><\/div><div class=\"swiper-slide\"><div class=\"fusion-carousel-item-wrapper\"><div class=\"fusion-image-wrapper hover-type-none\"><img decoding=\"async\" width=\"1200\" height=\"800\" src=\"https:\/\/reumiller.ch\/wp-content\/uploads\/2021\/04\/Publio-in-La-Clemenza-di-Tito-mit-Nino-Aurelio-Gmu\u0308nder-als-Tito-02.jpg\" class=\"attachment-full size-full lazyload\" alt=\"\" srcset=\"data:image\/svg+xml,%3Csvg%20xmlns%3D%27http%3A%2F%2Fwww.w3.org%2F2000%2Fsvg%27%20width%3D%271200%27%20height%3D%27800%27%20viewBox%3D%270%200%201200%20800%27%3E%3Crect%20width%3D%271200%27%20height%3D%27800%27%20fill-opacity%3D%220%22%2F%3E%3C%2Fsvg%3E\" data-orig-src=\"https:\/\/reumiller.ch\/wp-content\/uploads\/2021\/04\/Publio-in-La-Clemenza-di-Tito-mit-Nino-Aurelio-Gmu\u0308nder-als-Tito-02.jpg\" data-srcset=\"https:\/\/reumiller.ch\/wp-content\/uploads\/2021\/04\/Publio-in-La-Clemenza-di-Tito-mit-Nino-Aurelio-Gmu\u0308nder-als-Tito-02-200x133.jpg 200w, https:\/\/reumiller.ch\/wp-content\/uploads\/2021\/04\/Publio-in-La-Clemenza-di-Tito-mit-Nino-Aurelio-Gmu\u0308nder-als-Tito-02-300x200.jpg 300w, https:\/\/reumiller.ch\/wp-content\/uploads\/2021\/04\/Publio-in-La-Clemenza-di-Tito-mit-Nino-Aurelio-Gmu\u0308nder-als-Tito-02-400x267.jpg 400w, https:\/\/reumiller.ch\/wp-content\/uploads\/2021\/04\/Publio-in-La-Clemenza-di-Tito-mit-Nino-Aurelio-Gmu\u0308nder-als-Tito-02-600x400.jpg 600w, https:\/\/reumiller.ch\/wp-content\/uploads\/2021\/04\/Publio-in-La-Clemenza-di-Tito-mit-Nino-Aurelio-Gmu\u0308nder-als-Tito-02-768x512.jpg 768w, https:\/\/reumiller.ch\/wp-content\/uploads\/2021\/04\/Publio-in-La-Clemenza-di-Tito-mit-Nino-Aurelio-Gmu\u0308nder-als-Tito-02-800x533.jpg 800w, https:\/\/reumiller.ch\/wp-content\/uploads\/2021\/04\/Publio-in-La-Clemenza-di-Tito-mit-Nino-Aurelio-Gmu\u0308nder-als-Tito-02-1024x683.jpg 1024w, https:\/\/reumiller.ch\/wp-content\/uploads\/2021\/04\/Publio-in-La-Clemenza-di-Tito-mit-Nino-Aurelio-Gmu\u0308nder-als-Tito-02.jpg 1200w\" data-sizes=\"auto\" \/><\/div><\/div><\/div><div class=\"swiper-slide\"><div class=\"fusion-carousel-item-wrapper\"><div class=\"fusion-image-wrapper hover-type-none\"><img decoding=\"async\" width=\"1200\" height=\"800\" src=\"https:\/\/reumiller.ch\/wp-content\/uploads\/2021\/04\/Publio-in-La-Clemenza-di-Tito-.jpg\" class=\"attachment-full size-full lazyload\" alt=\"\" srcset=\"data:image\/svg+xml,%3Csvg%20xmlns%3D%27http%3A%2F%2Fwww.w3.org%2F2000%2Fsvg%27%20width%3D%271200%27%20height%3D%27800%27%20viewBox%3D%270%200%201200%20800%27%3E%3Crect%20width%3D%271200%27%20height%3D%27800%27%20fill-opacity%3D%220%22%2F%3E%3C%2Fsvg%3E\" data-orig-src=\"https:\/\/reumiller.ch\/wp-content\/uploads\/2021\/04\/Publio-in-La-Clemenza-di-Tito-.jpg\" data-srcset=\"https:\/\/reumiller.ch\/wp-content\/uploads\/2021\/04\/Publio-in-La-Clemenza-di-Tito--200x133.jpg 200w, https:\/\/reumiller.ch\/wp-content\/uploads\/2021\/04\/Publio-in-La-Clemenza-di-Tito--300x200.jpg 300w, https:\/\/reumiller.ch\/wp-content\/uploads\/2021\/04\/Publio-in-La-Clemenza-di-Tito--400x267.jpg 400w, https:\/\/reumiller.ch\/wp-content\/uploads\/2021\/04\/Publio-in-La-Clemenza-di-Tito--600x400.jpg 600w, https:\/\/reumiller.ch\/wp-content\/uploads\/2021\/04\/Publio-in-La-Clemenza-di-Tito--768x512.jpg 768w, https:\/\/reumiller.ch\/wp-content\/uploads\/2021\/04\/Publio-in-La-Clemenza-di-Tito--800x533.jpg 800w, https:\/\/reumiller.ch\/wp-content\/uploads\/2021\/04\/Publio-in-La-Clemenza-di-Tito--1024x683.jpg 1024w, https:\/\/reumiller.ch\/wp-content\/uploads\/2021\/04\/Publio-in-La-Clemenza-di-Tito-.jpg 1200w\" data-sizes=\"auto\" \/><\/div><\/div><\/div><div class=\"swiper-slide\"><div class=\"fusion-carousel-item-wrapper\"><div class=\"fusion-image-wrapper hover-type-none\"><img decoding=\"async\" width=\"1200\" height=\"800\" src=\"https:\/\/reumiller.ch\/wp-content\/uploads\/2021\/04\/Bartolo-in-Il-Barbiere-di-Siviglia-mit-Ines-Schaffer-als-Rosina.jpg\" class=\"attachment-full size-full lazyload\" alt=\"\" srcset=\"data:image\/svg+xml,%3Csvg%20xmlns%3D%27http%3A%2F%2Fwww.w3.org%2F2000%2Fsvg%27%20width%3D%271200%27%20height%3D%27800%27%20viewBox%3D%270%200%201200%20800%27%3E%3Crect%20width%3D%271200%27%20height%3D%27800%27%20fill-opacity%3D%220%22%2F%3E%3C%2Fsvg%3E\" data-orig-src=\"https:\/\/reumiller.ch\/wp-content\/uploads\/2021\/04\/Bartolo-in-Il-Barbiere-di-Siviglia-mit-Ines-Schaffer-als-Rosina.jpg\" data-srcset=\"https:\/\/reumiller.ch\/wp-content\/uploads\/2021\/04\/Bartolo-in-Il-Barbiere-di-Siviglia-mit-Ines-Schaffer-als-Rosina-200x133.jpg 200w, https:\/\/reumiller.ch\/wp-content\/uploads\/2021\/04\/Bartolo-in-Il-Barbiere-di-Siviglia-mit-Ines-Schaffer-als-Rosina-300x200.jpg 300w, https:\/\/reumiller.ch\/wp-content\/uploads\/2021\/04\/Bartolo-in-Il-Barbiere-di-Siviglia-mit-Ines-Schaffer-als-Rosina-400x267.jpg 400w, https:\/\/reumiller.ch\/wp-content\/uploads\/2021\/04\/Bartolo-in-Il-Barbiere-di-Siviglia-mit-Ines-Schaffer-als-Rosina-600x400.jpg 600w, https:\/\/reumiller.ch\/wp-content\/uploads\/2021\/04\/Bartolo-in-Il-Barbiere-di-Siviglia-mit-Ines-Schaffer-als-Rosina-768x512.jpg 768w, https:\/\/reumiller.ch\/wp-content\/uploads\/2021\/04\/Bartolo-in-Il-Barbiere-di-Siviglia-mit-Ines-Schaffer-als-Rosina-800x533.jpg 800w, https:\/\/reumiller.ch\/wp-content\/uploads\/2021\/04\/Bartolo-in-Il-Barbiere-di-Siviglia-mit-Ines-Schaffer-als-Rosina-1024x683.jpg 1024w, https:\/\/reumiller.ch\/wp-content\/uploads\/2021\/04\/Bartolo-in-Il-Barbiere-di-Siviglia-mit-Ines-Schaffer-als-Rosina.jpg 1200w\" data-sizes=\"auto\" \/><\/div><\/div><\/div><div class=\"swiper-slide\"><div class=\"fusion-carousel-item-wrapper\"><div class=\"fusion-image-wrapper hover-type-none\"><img decoding=\"async\" width=\"1200\" height=\"800\" src=\"https:\/\/reumiller.ch\/wp-content\/uploads\/2021\/04\/Sarastro-in-Die-Zauberflo\u0308te-mit-Diana-Chavarro-als-Pamina.jpg\" class=\"attachment-full size-full lazyload\" alt=\"\" srcset=\"data:image\/svg+xml,%3Csvg%20xmlns%3D%27http%3A%2F%2Fwww.w3.org%2F2000%2Fsvg%27%20width%3D%271200%27%20height%3D%27800%27%20viewBox%3D%270%200%201200%20800%27%3E%3Crect%20width%3D%271200%27%20height%3D%27800%27%20fill-opacity%3D%220%22%2F%3E%3C%2Fsvg%3E\" data-orig-src=\"https:\/\/reumiller.ch\/wp-content\/uploads\/2021\/04\/Sarastro-in-Die-Zauberflo\u0308te-mit-Diana-Chavarro-als-Pamina.jpg\" data-srcset=\"https:\/\/reumiller.ch\/wp-content\/uploads\/2021\/04\/Sarastro-in-Die-Zauberflo\u0308te-mit-Diana-Chavarro-als-Pamina-200x133.jpg 200w, https:\/\/reumiller.ch\/wp-content\/uploads\/2021\/04\/Sarastro-in-Die-Zauberflo\u0308te-mit-Diana-Chavarro-als-Pamina-300x200.jpg 300w, https:\/\/reumiller.ch\/wp-content\/uploads\/2021\/04\/Sarastro-in-Die-Zauberflo\u0308te-mit-Diana-Chavarro-als-Pamina-400x267.jpg 400w, https:\/\/reumiller.ch\/wp-content\/uploads\/2021\/04\/Sarastro-in-Die-Zauberflo\u0308te-mit-Diana-Chavarro-als-Pamina-600x400.jpg 600w, https:\/\/reumiller.ch\/wp-content\/uploads\/2021\/04\/Sarastro-in-Die-Zauberflo\u0308te-mit-Diana-Chavarro-als-Pamina-768x512.jpg 768w, https:\/\/reumiller.ch\/wp-content\/uploads\/2021\/04\/Sarastro-in-Die-Zauberflo\u0308te-mit-Diana-Chavarro-als-Pamina-800x533.jpg 800w, https:\/\/reumiller.ch\/wp-content\/uploads\/2021\/04\/Sarastro-in-Die-Zauberflo\u0308te-mit-Diana-Chavarro-als-Pamina-1024x683.jpg 1024w, https:\/\/reumiller.ch\/wp-content\/uploads\/2021\/04\/Sarastro-in-Die-Zauberflo\u0308te-mit-Diana-Chavarro-als-Pamina.jpg 1200w\" data-sizes=\"auto\" \/><\/div><\/div><\/div><\/div><div class=\"awb-swiper-button awb-swiper-button-prev\"><i class=\"awb-icon-angle-left\" aria-hidden=\"true\"><\/i><\/div><div class=\"awb-swiper-button awb-swiper-button-next\"><i class=\"awb-icon-angle-right\" aria-hidden=\"true\"><\/i><\/div><\/div><\/div><\/div><\/div><div class=\"fusion-layout-column fusion_builder_column fusion-builder-column-8 fusion_builder_column_2_5 2_5 fusion-flex-column\" style=\"--awb-bg-position:center center;--awb-bg-size:cover;--awb-width-large:40%;--awb-margin-top-large:0px;--awb-spacing-right-large:0px;--awb-margin-bottom-large:0px;--awb-spacing-left-large:0px;--awb-width-medium:100%;--awb-order-medium:0;--awb-spacing-right-medium:0px;--awb-spacing-left-medium:0px;--awb-width-small:100%;--awb-order-small:0;--awb-spacing-right-small:0px;--awb-spacing-left-small:0px;\"><div class=\"fusion-column-wrapper lazyload fusion-column-has-shadow fusion-flex-justify-content-flex-start fusion-content-layout-column fusion-empty-column-bg-image fusion-column-has-bg-image\" data-bg-url=\"https:\/\/reumiller.ch\/wp-content\/uploads\/2021\/04\/Daniel-Reumiller-Ho\u0308ren-und-Sehen.jpg\" data-bg=\"https:\/\/reumiller.ch\/wp-content\/uploads\/2021\/04\/Daniel-Reumiller-Ho\u0308ren-und-Sehen.jpg\"><img decoding=\"async\" class=\"fusion-empty-dims-img-placeholder fusion-no-large-visibility\" aria-label=\"Daniel-Reumiller-Ho\u0308ren-und-Sehen\" src=\"data:image\/svg+xml,%3Csvg%20xmlns%3D%27http%3A%2F%2Fwww.w3.org%2F2000%2Fsvg%27%20width%3D%271280%27%20height%3D%271920%27%20viewBox%3D%270%200%201280%201920%27%3E%3Crect%20width%3D%271280%27%20height%3D%271920%27%20fill-opacity%3D%220%22%2F%3E%3C%2Fsvg%3E\"><\/div><\/div><\/div><\/div><\/div><div id=\"r\u00e9pertoire\" class=\"fusion-container-anchor\"><div class=\"fusion-fullwidth fullwidth-box fusion-builder-row-6 fusion-flex-container has-pattern-background has-mask-background hundred-percent-fullwidth non-hundred-percent-height-scrolling\" style=\"--awb-background-position:left top;--awb-border-sizes-top:0px;--awb-border-sizes-bottom:0px;--awb-border-sizes-left:0px;--awb-border-sizes-right:0px;--awb-border-radius-top-left:0px;--awb-border-radius-top-right:0px;--awb-border-radius-bottom-right:0px;--awb-border-radius-bottom-left:0px;--awb-padding-top:0px;--awb-padding-right:0px;--awb-padding-bottom:0px;--awb-padding-left:0px;--awb-flex-wrap:wrap;\" ><div class=\"fusion-builder-row fusion-row fusion-flex-align-items-stretch fusion-flex-content-wrap\" style=\"width:calc( 100% + 0px ) !important;max-width:calc( 100% + 0px ) !important;margin-left: calc(-0px \/ 2 );margin-right: calc(-0px \/ 2 );\"><div class=\"fusion-layout-column fusion_builder_column fusion-builder-column-9 fusion_builder_column_3_5 3_5 fusion-flex-column\" style=\"--awb-padding-top:115px;--awb-padding-right:10%;--awb-padding-bottom:115px;--awb-padding-left:10%;--awb-bg-blend:overlay;--awb-bg-size:cover;--awb-width-large:60%;--awb-margin-top-large:0px;--awb-spacing-right-large:0px;--awb-margin-bottom-large:0px;--awb-spacing-left-large:0px;--awb-width-medium:100%;--awb-spacing-right-medium:0px;--awb-spacing-left-medium:0px;--awb-width-small:100%;--awb-spacing-right-small:0px;--awb-spacing-left-small:0px;\"><div class=\"fusion-column-wrapper fusion-flex-justify-content-flex-start fusion-content-layout-column\"><div class=\"fusion-title title fusion-title-12 fusion-title-text fusion-title-size-two\" style=\"--awb-margin-bottom:10px;\"><div class=\"title-sep-container title-sep-container-left fusion-no-large-visibility fusion-no-medium-visibility fusion-no-small-visibility\"><div class=\"title-sep sep- sep-solid\" style=\"border-color:#e0dede;\"><\/div><\/div><span class=\"awb-title-spacer fusion-no-large-visibility fusion-no-medium-visibility fusion-no-small-visibility\"><\/span><h2 class=\"fusion-title-heading title-heading-left fusion-responsive-typography-calculated\" style=\"margin:0;--fontSize:72;line-height:1.2;\">R\u00c9PERTOIRE.<\/h2><span class=\"awb-title-spacer\"><\/span><div class=\"title-sep-container title-sep-container-right\"><div class=\"title-sep sep- sep-solid\" style=\"border-color:#e0dede;\"><\/div><\/div><\/div><div class=\"fusion-title title fusion-title-13 fusion-title-text fusion-title-size-three\"><div class=\"title-sep-container title-sep-container-left fusion-no-large-visibility fusion-no-medium-visibility fusion-no-small-visibility\"><div class=\"title-sep sep- sep-solid\" style=\"border-color:#e0dede;\"><\/div><\/div><span class=\"awb-title-spacer fusion-no-large-visibility fusion-no-medium-visibility fusion-no-small-visibility\"><\/span><h3 class=\"fusion-title-heading title-heading-left fusion-responsive-typography-calculated\" style=\"margin:0;--fontSize:36;line-height:1.2;\">R\u00d4LES ET OUVRES<\/h3><span class=\"awb-title-spacer\"><\/span><div class=\"title-sep-container title-sep-container-right\"><div class=\"title-sep sep- sep-solid\" style=\"border-color:#e0dede;\"><\/div><\/div><\/div><div class=\"fusion-text fusion-text-11\"><p><strong>Mon r\u00e9pertoire comprend un large \u00e9ventail de r\u00f4les. Voici une s\u00e9lection des \u0153uvres que j&rsquo;ai chant\u00e9es jusqu&rsquo;\u00e0 pr\u00e9sent:<\/strong><\/p>\n<\/div><div class=\"fusion-tabs fusion-tabs-1 clean nav-is-justified horizontal-tabs icon-position-left mobile-mode-accordion\" style=\"--awb-title-border-radius-top-left:0px;--awb-title-border-radius-top-right:0px;--awb-title-border-radius-bottom-right:0px;--awb-title-border-radius-bottom-left:0px;--awb-alignment:center;--awb-inactive-color:#ebeaea;--awb-background-color:#ffffff;--awb-border-color:#ebeaea;--awb-active-border-color:#cee34b;\"><div class=\"nav\"><ul class=\"nav-tabs nav-justified\" role=\"tablist\"><li class=\"active\" role=\"presentation\"><a class=\"tab-link\" data-toggle=\"tab\" role=\"tab\" aria-controls=\"tab-24d2acb9ff76ab3639b\" aria-selected=\"true\" id=\"fusion-tab-op\u00e9ra\" href=\"#tab-24d2acb9ff76ab3639b\"><h4 class=\"fusion-tab-heading\"><i class=\"fontawesome-icon fa-theater-masks fas\" aria-hidden=\"true\" style=\"font-size:13px;\"><\/i>Op\u00e9ra<\/h4><\/a><\/li><li role=\"presentation\"><a class=\"tab-link\" data-toggle=\"tab\" role=\"tab\" aria-controls=\"tab-3ad079d06374bfb8015\" aria-selected=\"false\" tabindex=\"-1\" id=\"fusion-tab-concert\" href=\"#tab-3ad079d06374bfb8015\"><h4 class=\"fusion-tab-heading\"><i class=\"fontawesome-icon fa-music fas\" aria-hidden=\"true\" style=\"font-size:13px;\"><\/i>Concert<\/h4><\/a><\/li><li role=\"presentation\"><a class=\"tab-link\" data-toggle=\"tab\" role=\"tab\" aria-controls=\"tab-dcbee591b462fdc068d\" aria-selected=\"false\" tabindex=\"-1\" id=\"fusion-tab-m\u00e9lodies\" href=\"#tab-dcbee591b462fdc068d\"><h4 class=\"fusion-tab-heading\"><i class=\"fontawesome-icon fa-sliders-h fas\" aria-hidden=\"true\" style=\"font-size:13px;\"><\/i>M\u00e9lodies<\/h4><\/a><\/li><\/ul><\/div><div class=\"tab-content\"><div class=\"nav fusion-mobile-tab-nav\"><ul class=\"nav-tabs nav-justified\" role=\"tablist\"><li class=\"active\" role=\"presentation\"><a class=\"tab-link\" data-toggle=\"tab\" role=\"tab\" aria-controls=\"tab-24d2acb9ff76ab3639b\" aria-selected=\"true\" id=\"mobile-fusion-tab-op\u00e9ra\" href=\"#tab-24d2acb9ff76ab3639b\"><h4 class=\"fusion-tab-heading\"><i class=\"fontawesome-icon fa-theater-masks fas\" aria-hidden=\"true\" style=\"font-size:13px;\"><\/i>Op\u00e9ra<\/h4><\/a><\/li><\/ul><\/div><div class=\"tab-pane fade fusion-clearfix in active\" role=\"tabpanel\" tabindex=\"0\" aria-labelledby=\"fusion-tab-op\u00e9ra\" id=\"tab-24d2acb9ff76ab3639b\">\n<p><strong>Bellini<br \/>\n<\/strong>I Capuleti e i Montecchi &#8211; Capellio<br \/>\nLa Sonnambula \u2013 Rodolfo<br \/>\n<strong>Bizet<br \/>\n<\/strong>Carmen \u2013 Zuniga (in Vorbereitung)<br \/>\n<strong>Chabrier<br \/>\n<\/strong>Le Roi Malgr\u00e9 Lui \u2013 Conte Laski<br \/>\n<strong>Donizetti<br \/>\n<\/strong>Don Pasquale \u2013 Don Pasquale<br \/>\nLa Fille du R\u00e9giment \u2013 Sulpice<br \/>\nL\u2019Elisir d\u2019Amore \u2013 Belcore<br \/>\n<strong>Haydn<br \/>\n<\/strong>Orlando Paladino \u2013 Rodomonte, Caronte<br \/>\n<strong>Humperdinck<\/strong><br \/>\nH\u00e4nsel und Gretel \u2013 Peter Besenbinder<br \/>\n<strong>Mozart<br \/>\n<\/strong>Cos\u00ec fan tutte \u2013 Don Alfonso<br \/>\nDie Entf\u00fchrung aus dem Serail \u2013 Osmin<br \/>\nDie Zauberfl\u00f6te &#8211; Sarastro<br \/>\nDon Giovanni \u2013 Leporello, Komtur<br \/>\nLa Clemenza di Tito \u2013 Publio<br \/>\nLe Nozze di Figaro \u2013 Almaviva, Bartolo<br \/>\n<strong>Offenbach<br \/>\n<\/strong>La Belle H\u00e9l\u00e8ne \u2013 Calchas<br \/>\nLes Contes d\u2019Hoffmann \u2013 Les quatre diables (Lindorf, Copp\u00e9lius, Miracle, Dapertutto (in Vorbereitung)<br \/>\n<strong>Pergolesi<\/strong><br \/>\nLa Serva Padrona \u2013 Uberto<br \/>\n<strong>Puccini<\/strong><br \/>\nEdgar \u2013 Gualtiero<br \/>\nGianni Schicchi \u2013 Betto di Signa<br \/>\n<strong>Romanowski<br \/>\n<\/strong>Frankenstein (UA) \u2013 Alphonse Frankenstein<br \/>\n<strong>Rossini<\/strong><br \/>\nIl barbiere di Siviglia \u2013 Bartolo<br \/>\nIl viaggio a Reims \u2013 Don Prudenzio<br \/>\nL\u2019occasione fa il ladro \u2013 Martino<br \/>\n<strong>Von Flotow<\/strong><br \/>\nMartha \u2013 Richter<br \/>\n<strong>Weill<\/strong><br \/>\nDie sieben Tods\u00fcnden des Kleinb\u00fcrgers &#8211; Mutter<\/p>\n<\/div><div class=\"nav fusion-mobile-tab-nav\"><ul class=\"nav-tabs nav-justified\" role=\"tablist\"><li role=\"presentation\"><a class=\"tab-link\" data-toggle=\"tab\" role=\"tab\" aria-controls=\"tab-3ad079d06374bfb8015\" aria-selected=\"false\" tabindex=\"-1\" id=\"mobile-fusion-tab-concert\" href=\"#tab-3ad079d06374bfb8015\"><h4 class=\"fusion-tab-heading\"><i class=\"fontawesome-icon fa-music fas\" aria-hidden=\"true\" style=\"font-size:13px;\"><\/i>Concert<\/h4><\/a><\/li><\/ul><\/div><div class=\"tab-pane fade fusion-clearfix\" role=\"tabpanel\" tabindex=\"0\" aria-labelledby=\"fusion-tab-concert\" id=\"tab-3ad079d06374bfb8015\">\n<p><strong>Brahms<br \/>\n<\/strong>Ein deutsches Requiem<br \/>\n<strong>Dvorak<br \/>\n<\/strong>Requiem<br \/>\nStabat Mater<br \/>\n<strong>Gounod<br \/>\n<\/strong>Messe de Ste-C\u00e9cile<br \/>\n<strong>H\u00e4ndel<\/strong><br \/>\nMessiah<br \/>\n<strong>Haydn<\/strong><br \/>\nDie Jahreszeiten<br \/>\nDie Sch\u00f6pfung<br \/>\n<strong>Mozart<\/strong><br \/>\nRequiem<br \/>\nc-moll-Messe<br \/>\nGrabmusik<br \/>\n<strong>Rossini<\/strong><br \/>\nPetite Messe Solennelle<br \/>\nStabat Mater<br \/>\n<strong>Saint-Sa\u00ebns<\/strong><br \/>\nOratorio de No\u00ebl<br \/>\n<strong>Schubert<\/strong><br \/>\nStabat Mater<br \/>\n<strong>Von Supp\u00e8<\/strong><br \/>\nRequiem<br \/>\n<strong><strong>Verdi<\/strong><\/strong><br \/>\nRequiem<\/p>\n<p>und zahlreiche weitere Werke<\/p>\n<\/div><div class=\"nav fusion-mobile-tab-nav\"><ul class=\"nav-tabs nav-justified\" role=\"tablist\"><li role=\"presentation\"><a class=\"tab-link\" data-toggle=\"tab\" role=\"tab\" aria-controls=\"tab-dcbee591b462fdc068d\" aria-selected=\"false\" tabindex=\"-1\" id=\"mobile-fusion-tab-m\u00e9lodies\" href=\"#tab-dcbee591b462fdc068d\"><h4 class=\"fusion-tab-heading\"><i class=\"fontawesome-icon fa-sliders-h fas\" aria-hidden=\"true\" style=\"font-size:13px;\"><\/i>M\u00e9lodies<\/h4><\/a><\/li><\/ul><\/div><div class=\"tab-pane fade fusion-clearfix\" role=\"tabpanel\" tabindex=\"0\" aria-labelledby=\"fusion-tab-m\u00e9lodies\" id=\"tab-dcbee591b462fdc068d\">\n<p><strong>Verschiedene Zyklen<\/strong><\/p>\n<p>Brahms \u2013 Vier ernste Ges\u00e4nge<br \/>\nLeuschner \u2013 Sonata Cr\u00ectica<br \/>\nMussorgski \u2013 Lieder und T\u00e4nze des Todes<br \/>\nSchubert \u2013 Winterreise<\/p>\n<p>und viele mehr&#8230;<\/p>\n<\/div><\/div><\/div><\/div><\/div><div class=\"fusion-layout-column fusion_builder_column fusion-builder-column-10 fusion_builder_column_2_5 2_5 fusion-flex-column\" style=\"--awb-bg-position:center top;--awb-bg-size:cover;--awb-width-large:40%;--awb-margin-top-large:0px;--awb-spacing-right-large:0px;--awb-margin-bottom-large:0px;--awb-spacing-left-large:0px;--awb-width-medium:100%;--awb-order-medium:0;--awb-spacing-right-medium:0px;--awb-spacing-left-medium:0px;--awb-width-small:100%;--awb-order-small:0;--awb-spacing-right-small:0px;--awb-spacing-left-small:0px;\"><div class=\"fusion-column-wrapper lazyload fusion-column-has-shadow fusion-flex-justify-content-flex-start fusion-content-layout-column fusion-empty-column-bg-image fusion-column-has-bg-image\" data-bg-url=\"https:\/\/reumiller.ch\/wp-content\/uploads\/2021\/02\/Daniel-Reumiller-Repertoire.jpg\" data-bg=\"https:\/\/reumiller.ch\/wp-content\/uploads\/2021\/02\/Daniel-Reumiller-Repertoire.jpg\"><img decoding=\"async\" class=\"fusion-empty-dims-img-placeholder fusion-no-large-visibility\" aria-label=\"Daniel-Reumiller-Repertoire\" src=\"data:image\/svg+xml,%3Csvg%20xmlns%3D%27http%3A%2F%2Fwww.w3.org%2F2000%2Fsvg%27%20width%3D%271280%27%20height%3D%271920%27%20viewBox%3D%270%200%201280%201920%27%3E%3Crect%20width%3D%271280%27%20height%3D%271920%27%20fill-opacity%3D%220%22%2F%3E%3C%2Fsvg%3E\"><\/div><\/div><\/div><\/div><\/div><div id=\"presse\" class=\"fusion-container-anchor\"><div class=\"fusion-fullwidth fullwidth-box fusion-builder-row-7 fusion-flex-container hundred-percent-fullwidth non-hundred-percent-height-scrolling\" style=\"--awb-background-position:left top;--awb-border-sizes-top:0px;--awb-border-sizes-bottom:0px;--awb-border-sizes-left:0px;--awb-border-sizes-right:0px;--awb-border-radius-top-left:0px;--awb-border-radius-top-right:0px;--awb-border-radius-bottom-right:0px;--awb-border-radius-bottom-left:0px;--awb-padding-top:0px;--awb-padding-right:0px;--awb-padding-bottom:0px;--awb-padding-left:0px;--awb-background-color:#f2f2f2;--awb-flex-wrap:wrap;\" ><div class=\"fusion-builder-row fusion-row fusion-flex-align-items-flex-start fusion-flex-content-wrap\" style=\"width:calc( 100% + 0px ) !important;max-width:calc( 100% + 0px ) !important;margin-left: calc(-0px \/ 2 );margin-right: calc(-0px \/ 2 );\"><div class=\"fusion-layout-column fusion_builder_column fusion-builder-column-11 fusion_builder_column_3_5 3_5 fusion-flex-column\" style=\"--awb-padding-top:115px;--awb-padding-right:10%;--awb-padding-bottom:100px;--awb-padding-left:10%;--awb-bg-blend:overlay;--awb-bg-size:cover;--awb-width-large:60%;--awb-margin-top-large:0px;--awb-spacing-right-large:0px;--awb-margin-bottom-large:0px;--awb-spacing-left-large:0px;--awb-width-medium:100%;--awb-spacing-right-medium:0px;--awb-spacing-left-medium:0px;--awb-width-small:100%;--awb-spacing-right-small:0px;--awb-spacing-left-small:0px;\"><div class=\"fusion-column-wrapper fusion-flex-justify-content-flex-start fusion-content-layout-column\"><div class=\"fusion-title title fusion-title-14 fusion-title-text fusion-title-size-two\" style=\"--awb-text-color:#ffffff;--awb-margin-bottom:10px;\"><div class=\"title-sep-container title-sep-container-left fusion-no-large-visibility fusion-no-medium-visibility fusion-no-small-visibility\"><div class=\"title-sep sep- sep-solid\" style=\"border-color:#e0dede;\"><\/div><\/div><span class=\"awb-title-spacer fusion-no-large-visibility fusion-no-medium-visibility fusion-no-small-visibility\"><\/span><h2 class=\"fusion-title-heading title-heading-left fusion-responsive-typography-calculated\" style=\"margin:0;--fontSize:72;line-height:1.2;\">ECHOS.<\/h2><span class=\"awb-title-spacer\"><\/span><div class=\"title-sep-container title-sep-container-right\"><div class=\"title-sep sep- sep-solid\" style=\"border-color:#e0dede;\"><\/div><\/div><\/div><div class=\"fusion-title title fusion-title-15 fusion-title-text fusion-title-size-three\"><div class=\"title-sep-container title-sep-container-left fusion-no-large-visibility fusion-no-medium-visibility fusion-no-small-visibility\"><div class=\"title-sep sep- sep-solid\" style=\"border-color:#e0dede;\"><\/div><\/div><span class=\"awb-title-spacer fusion-no-large-visibility fusion-no-medium-visibility fusion-no-small-visibility\"><\/span><h3 class=\"fusion-title-heading title-heading-left fusion-responsive-typography-calculated\" style=\"margin:0;--fontSize:36;line-height:1.2;\">COMMENTAIRES DANS LES M\u00c9DIAS<\/h3><span class=\"awb-title-spacer\"><\/span><div class=\"title-sep-container title-sep-container-right\"><div class=\"title-sep sep- sep-solid\" style=\"border-color:#e0dede;\"><\/div><\/div><\/div><div class=\"fusion-separator fusion-full-width-sep\" style=\"align-self: center;margin-left: auto;margin-right: auto;margin-top:50px;width:100%;\"><\/div><div class=\"fusion-testimonials clean awb-speech-bubble-show fusion-testimonials-1\" style=\"--awb-textcolor:#a6a6a6;--awb-backgroundcolor:var(--awb-color2);--awb-testimonial-border-style:solid;--awb-testimonial-border-color:var(--awb-color3);--awb-navigation-size:12px;--awb-border-top-left-radius:0px;--awb-border-top-right-radius:0px;--awb-border-bottom-left-radius:0px;--awb-border-bottom-right-radius:0px;--testimonial-border-width-top:0px;--testimonial-border-width-right:0px;--testimonial-border-width-bottom:0px;--testimonial-border-width-left:0px;\" data-random=\"0\" data-speed=\"20000\"><div class=\"reviews\"><div class=\"review active-testimonial avatar-above no-avatar\"><blockquote class=\"testimonials-shortcode-blockquote\"><div class=\"awb-quote\"><div class=\"awb-quote-content\">\n<p>\u00ab\u00a0Vocalement en grande forme, changeant et expressif, le bassiste a transform\u00e9 chaque aria en un mini-drame. &#8230; Reumiller agit en gardien de harem impitoyable avec beaut\u00e9 et pr\u00e9cision. Le bassiste sait d\u00e9ployer un grand effet avec les plus petites nuances. Cet Osmin poss\u00e8de des couleurs vocales sombres et un brin d&rsquo;humour indispensable. &#8230; Il laisse couler sa voix avec un long souffle et une intensit\u00e9 qui ne faiblit jamais. Sa voix a m\u00fbri pour devenir une basse verdienne, &#8230; Reumiller poss\u00e8de une basse bien centr\u00e9e et \u00e9lanc\u00e9e, d&rsquo;une grande ampleur et d&rsquo;un grand volume, ainsi qu&rsquo;une riche palette de couleurs. Il chante avec une grande aisance technique, avec \u00e9loquence, sans pression, avec l\u00e9g\u00e8ret\u00e9 et fluidit\u00e9 sans effort. Le grand monologue de Philippe dans \u00ab\u00a0Don Carlo\u00a0\u00bb de Verdi est impr\u00e9gn\u00e9 de la souffrance et de la douleur de n&rsquo;avoir jamais \u00e9t\u00e9 aim\u00e9. Il ne se contente pas d&rsquo;encha\u00eener les arias, mais explore les facettes des diff\u00e9rents degr\u00e9s du mal, du sinistre et du diabolique\u00a0\u00bb.<\/p>\n<\/div><\/div><\/blockquote><div class=\"author\"><span class=\"company-name\"><strong>Vocalement en grande forme<\/strong>, <span>Mittelland Zeitung, 02\/13<\/span><\/span><\/div><\/div><div class=\"review avatar-above no-avatar\"><blockquote class=\"testimonials-shortcode-blockquote\"><div class=\"awb-quote\"><div class=\"awb-quote-content\">\n<p>\u00ab\u00a0Il se passe sur la sc\u00e8ne de la gare quelque chose de presque aussi mi\u00e8vre que dans un restaurant italien le samedi soir, s&rsquo;il n&rsquo;y avait pas les belles voix de la soprano Ines Schaffers dans le r\u00f4le de la servante et de la basse buffo Daniel Reumiller dans le r\u00f4le d&rsquo;Uberto, qui font passer brillamment la musique chaste de Pergolesi par-dessus la rampe. &#8230; C&rsquo;est une v\u00e9ritable splendeur que de voir le duo form\u00e9 par la bouillonnante Ines Schaffer en Serpina et le redoutable Daniel Reumiller en Uberto chanter dans le plus beau bel canto. \u00bb<\/p>\n<\/div><\/div><\/blockquote><div class=\"author\"><span class=\"company-name\"><strong> C'est une v\u00e9ritable splendeur <\/strong>, <span>Radio DRS, 03\/07<\/span><\/span><\/div><\/div><div class=\"review avatar-above no-avatar\"><blockquote class=\"testimonials-shortcode-blockquote\"><div class=\"awb-quote\"><div class=\"awb-quote-content\">\n<p>\u00ab\u00a0Daniel Reumiller (Don Pasquale) et &#8230; (Norina) chantent remarquablement et s&rsquo;harmonisent parfaitement. &#8230; on a r\u00e9ussi une repr\u00e9sentation intime de Donizetti, cr\u00e9dible, dr\u00f4le et d&rsquo;un haut niveau musical.\u00a0\u00bb<\/p>\n<\/div><\/div><\/blockquote><div class=\"author\"><span class=\"company-name\"><strong>Donizetti, cr\u00e9dible, musical<\/strong>, <span>Wochenblatt, 11\/12<\/span><\/span><\/div><\/div><div class=\"review avatar-above no-avatar\"><blockquote class=\"testimonials-shortcode-blockquote\"><div class=\"awb-quote\"><div class=\"awb-quote-content\">\u00ab\u00a0Il y a la transformation miraculeuse d&rsquo;un riche vieillard (avec une basse rocailleuse et un jeu impitoyable : Daniel Reumiller) de malade \u00e0 pr\u00e9tendant nuptial, qui c\u00e8de une demi-fortune \u00e0 sa fianc\u00e9e pour qu&rsquo;elle le laisse enfin tranquille\u00a0\u00bb. (Basler Zeitung, 11\/12)<\/div><\/div><\/blockquote><div class=\"author\"><span class=\"company-name\"><strong>Transformation miraculeuse<\/strong>, <span>Basler Zeitung<\/span><\/span><\/div><\/div><div class=\"review avatar-above no-avatar\"><blockquote class=\"testimonials-shortcode-blockquote\"><div class=\"awb-quote\"><div class=\"awb-quote-content\">\n<p>\u00ab\u00a0Surprenante qualit\u00e9 de l&rsquo;ensemble vocal&#8230; Une folie intelligemment mise en sc\u00e8ne&#8230; Conclusion : on ne peut pas seulement assister \u00e0 une bonne mise en sc\u00e8ne d&rsquo;op\u00e9ra \u00e0 Zurich ou \u00e0 B\u00e2le\u00a0\u00bb.<\/p>\n<\/div><\/div><\/blockquote><div class=\"author\"><span class=\"company-name\"><strong>Surprenante qualit\u00e9 <\/strong><\/span><\/div><\/div><div class=\"review avatar-above no-avatar\"><blockquote class=\"testimonials-shortcode-blockquote\"><div class=\"awb-quote\"><div class=\"awb-quote-content\">\n<p>\u00ab\u00a0La basse de Daniel Reumiller est imposante et sa capacit\u00e9 de transformation est stup\u00e9fiante\u00a0\u00bb.<\/p>\n<\/div><\/div><\/blockquote><div class=\"author\"><span class=\"company-name\"><strong>imposante et sa capacit\u00e9 de transformation<\/strong>, <span>Wochenblatt, 03\/06<\/span><\/span><\/div><\/div><div class=\"review avatar-above no-avatar\"><blockquote class=\"testimonials-shortcode-blockquote\"><div class=\"awb-quote\"><div class=\"awb-quote-content\">\n<p>\u00ab\u00a0Daniel Reumiller a attir\u00e9 l&rsquo;attention en tant qu&rsquo;Osmine avec une basses puissante, teint\u00e9e de noir, qui atteint sans peine les profondeurs extr\u00eames du r\u00f4le\u00a0\u00bb.<\/p>\n<\/div><\/div><\/blockquote><div class=\"author\"><span class=\"company-name\"><strong>Avec une basses puissante, teint\u00e9e de noir<\/strong>, <span>Basellandschaftliche Zeitung, 03\/06<\/span><\/span><\/div><\/div><div class=\"review avatar-above no-avatar\"><blockquote class=\"testimonials-shortcode-blockquote\"><div class=\"awb-quote\"><div class=\"awb-quote-content\">\n<p>\u00ab\u00a0Daniel Reumiller en Osmine semble avoir trouv\u00e9 ici l&rsquo;un de ses r\u00f4les de pr\u00e9dilection. D&rsquo;une part, ce r\u00f4le convient tr\u00e8s bien \u00e0 sa voix de basse agile, d&rsquo;autre part, son timbre de voix aux multiples facettes lui permet de s&rsquo;exprimer pleinement.<\/p>\n<\/div><\/div><\/blockquote><div class=\"author\"><span class=\"company-name\"><strong>Multiples facettes <\/strong>, <span>Solothurner Zeitung 03\/06<\/span><\/span><\/div><\/div><div class=\"review avatar-above no-avatar\"><blockquote class=\"testimonials-shortcode-blockquote\"><div class=\"awb-quote\"><div class=\"awb-quote-content\">\n<p>\u00ab\u00a0Osmin, le gardien de Harmens (Daniel Reumiller), amer mais magnifiquement chantant, est rendu ivre\u00a0\u00bb.<\/p>\n<\/div><\/div><\/blockquote><div class=\"author\"><span class=\"company-name\"><strong>Der Bitterb\u00f6se<\/strong>, <span>Le Goetheanum, 05\/06<\/span><\/span><\/div><\/div><div class=\"review avatar-above no-avatar\"><blockquote class=\"testimonials-shortcode-blockquote\"><div class=\"awb-quote\"><div class=\"awb-quote-content\">\n<p>\u00ab\u00a0Quelle voix, quelle force \u00e9crasante !\u00a0\u00bb<\/p>\n<\/div><\/div><\/blockquote><div class=\"author\"><span class=\"company-name\"><strong>Quelle voix<\/strong>, <span>webjournal.ch - 03\/06<\/span><\/span><\/div><\/div><div class=\"review avatar-above no-avatar\"><blockquote class=\"testimonials-shortcode-blockquote\"><div class=\"awb-quote\"><div class=\"awb-quote-content\">\u00ab\u00a0Les &lsquo;Chants et danses de la mort&rsquo; de Modest Moussorgski avec le bassiste Daniel Reumiller \u00e9taient \u00e9galement impressionnants\u00a0\u00bb.<\/div><\/div><\/blockquote><div class=\"author\"><span class=\"company-name\"><strong>Impressionnants<\/strong>, <span>Basellandschaftliche Zeitung, 05\/06<\/span><\/span><\/div><\/div><div class=\"review avatar-above no-avatar\"><blockquote class=\"testimonials-shortcode-blockquote\"><div class=\"awb-quote\"><div class=\"awb-quote-content\">\u00ab\u00a0Avec une voix bien port\u00e9e, Daniel Reumiller, basse, a traduit le trombone en mots ; touchante sa pleine r\u00e9sonance dans le grand mi. Supp\u00e8 a confi\u00e9 \u00e0 la basse solo ses passages les plus importants du Requiem dans son ensemble, et Reumiller les a chant\u00e9s avec une expressivit\u00e9 p\u00e9n\u00e9trante\u00a0\u00bb.<\/div><\/div><\/blockquote><div class=\"author\"><span class=\"company-name\"><strong>Avec une expressivit\u00e9 p\u00e9n\u00e9trante<\/strong>, <span>Mittelland Zeitung, 11\/05<\/span><\/span><\/div><\/div><\/div><div class=\"testimonial-pagination\" id=\"fusion-testimonials-1\"><a href=\"#\" aria-label=\"Testimonial Pagination\"  class=\"activeSlide\"><\/a><a href=\"#\" aria-label=\"Testimonial Pagination\" ><\/a><a href=\"#\" aria-label=\"Testimonial Pagination\" ><\/a><a href=\"#\" aria-label=\"Testimonial Pagination\" ><\/a><a href=\"#\" aria-label=\"Testimonial Pagination\" ><\/a><a href=\"#\" aria-label=\"Testimonial Pagination\" ><\/a><a href=\"#\" aria-label=\"Testimonial Pagination\" ><\/a><a href=\"#\" aria-label=\"Testimonial Pagination\" ><\/a><a href=\"#\" aria-label=\"Testimonial Pagination\" ><\/a><a href=\"#\" aria-label=\"Testimonial Pagination\" ><\/a><a href=\"#\" aria-label=\"Testimonial Pagination\" ><\/a><a href=\"#\" aria-label=\"Testimonial Pagination\" ><\/a><\/div><\/div><\/div><\/div><div class=\"fusion-layout-column fusion_builder_column fusion-builder-column-12 fusion_builder_column_2_5 2_5 fusion-flex-column\" style=\"--awb-bg-position:center top;--awb-bg-size:cover;--awb-width-large:40%;--awb-margin-top-large:0px;--awb-spacing-right-large:0px;--awb-margin-bottom-large:0px;--awb-spacing-left-large:0px;--awb-width-medium:100%;--awb-order-medium:0;--awb-spacing-right-medium:0px;--awb-spacing-left-medium:0px;--awb-width-small:100%;--awb-order-small:0;--awb-spacing-right-small:0px;--awb-spacing-left-small:0px;\"><div class=\"fusion-column-wrapper lazyload fusion-column-has-shadow fusion-flex-justify-content-flex-start fusion-content-layout-column fusion-empty-column-bg-image fusion-column-has-bg-image\" data-bg-url=\"https:\/\/reumiller.ch\/wp-content\/uploads\/2021\/02\/Daniel-Reumiller-Stimmen.jpg\" data-bg=\"https:\/\/reumiller.ch\/wp-content\/uploads\/2021\/02\/Daniel-Reumiller-Stimmen.jpg\"><img decoding=\"async\" class=\"fusion-empty-dims-img-placeholder\" aria-label=\"Daniel-Reumiller-Stimmen\" src=\"data:image\/svg+xml,%3Csvg%20xmlns%3D%27http%3A%2F%2Fwww.w3.org%2F2000%2Fsvg%27%20width%3D%271280%27%20height%3D%271920%27%20viewBox%3D%270%200%201280%201920%27%3E%3Crect%20width%3D%271280%27%20height%3D%271920%27%20fill-opacity%3D%220%22%2F%3E%3C%2Fsvg%3E\"><\/div><\/div><\/div><\/div><\/div><div id=\"contact\" class=\"fusion-container-anchor\"><div class=\"fusion-fullwidth fullwidth-box fusion-builder-row-8 fusion-flex-container has-pattern-background has-mask-background hundred-percent-fullwidth non-hundred-percent-height-scrolling\" style=\"--awb-background-position:left top;--awb-border-sizes-top:0px;--awb-border-sizes-bottom:0px;--awb-border-sizes-left:0px;--awb-border-sizes-right:0px;--awb-border-radius-top-left:0px;--awb-border-radius-top-right:0px;--awb-border-radius-bottom-right:0px;--awb-border-radius-bottom-left:0px;--awb-padding-top:0px;--awb-padding-right:0px;--awb-padding-bottom:0px;--awb-padding-left:0px;--awb-flex-wrap:wrap;\" ><div class=\"fusion-builder-row fusion-row fusion-flex-align-items-stretch fusion-flex-content-wrap\" style=\"width:calc( 100% + 0px ) !important;max-width:calc( 100% + 0px ) !important;margin-left: calc(-0px \/ 2 );margin-right: calc(-0px \/ 2 );\"><div class=\"fusion-layout-column fusion_builder_column fusion-builder-column-13 fusion_builder_column_3_5 3_5 fusion-flex-column\" style=\"--awb-padding-top:115px;--awb-padding-right:10%;--awb-padding-bottom:115px;--awb-padding-left:10%;--awb-padding-top-small:100px;--awb-padding-bottom-small:100px;--awb-bg-blend:overlay;--awb-bg-size:cover;--awb-width-large:60%;--awb-margin-top-large:0px;--awb-spacing-right-large:0px;--awb-margin-bottom-large:0px;--awb-spacing-left-large:0px;--awb-width-medium:100%;--awb-spacing-right-medium:0px;--awb-spacing-left-medium:0px;--awb-width-small:100%;--awb-spacing-right-small:0px;--awb-spacing-left-small:0px;\"><div class=\"fusion-column-wrapper fusion-flex-justify-content-flex-start fusion-content-layout-column\"><div class=\"fusion-title title fusion-title-16 fusion-title-text fusion-title-size-two\" style=\"--awb-margin-bottom:10px;\"><div class=\"title-sep-container title-sep-container-left fusion-no-large-visibility fusion-no-medium-visibility fusion-no-small-visibility\"><div class=\"title-sep sep- sep-solid\" style=\"border-color:#e0dede;\"><\/div><\/div><span class=\"awb-title-spacer fusion-no-large-visibility fusion-no-medium-visibility fusion-no-small-visibility\"><\/span><h2 class=\"fusion-title-heading title-heading-left fusion-responsive-typography-calculated\" style=\"margin:0;--fontSize:72;line-height:1.2;\">CONTACT.<\/h2><span class=\"awb-title-spacer\"><\/span><div class=\"title-sep-container title-sep-container-right\"><div class=\"title-sep sep- sep-solid\" style=\"border-color:#e0dede;\"><\/div><\/div><\/div><div class=\"fusion-title title fusion-title-17 fusion-title-text fusion-title-size-three\"><div class=\"title-sep-container title-sep-container-left fusion-no-large-visibility fusion-no-medium-visibility fusion-no-small-visibility\"><div class=\"title-sep sep- sep-solid\" style=\"border-color:#e0dede;\"><\/div><\/div><span class=\"awb-title-spacer fusion-no-large-visibility fusion-no-medium-visibility fusion-no-small-visibility\"><\/span><h3 class=\"fusion-title-heading title-heading-left fusion-responsive-typography-calculated\" style=\"margin:0;--fontSize:36;line-height:1.2;\">DEMANDEZ-MOI<\/h3><span class=\"awb-title-spacer\"><\/span><div class=\"title-sep-container title-sep-container-right\"><div class=\"title-sep sep- sep-solid\" style=\"border-color:#e0dede;\"><\/div><\/div><\/div><div class=\"fusion-text fusion-text-12\"><p>En plus de mes repr\u00e9sentations \u00e0 l&rsquo;op\u00e9ra et au concert, je me tiens volontiers \u00e0 votre disposition pour des formations vocales avec des ch\u0153urs, des cours individuels ou en groupe. Demandez-moi ! Je me r\u00e9jouis de votre demande, mais aussi de vos commentaires et feedbacks en tout genre.<\/p>\n<\/div>\n<div class=\"wpcf7 no-js\" id=\"wpcf7-f840-o1\" lang=\"fr-FR\" dir=\"ltr\" data-wpcf7-id=\"840\">\n<div class=\"screen-reader-response\"><p role=\"status\" aria-live=\"polite\" aria-atomic=\"true\"><\/p> <ul><\/ul><\/div>\n<form action=\"\/fr\/wp-json\/wp\/v2\/pages\/818#wpcf7-f840-o1\" method=\"post\" class=\"wpcf7-form init\" aria-label=\"Formulaire de contact\" novalidate=\"novalidate\" data-status=\"init\">\n<div style=\"display: none;\">\n<input type=\"hidden\" name=\"_wpcf7\" value=\"840\" \/>\n<input type=\"hidden\" name=\"_wpcf7_version\" value=\"6.0.4\" \/>\n<input type=\"hidden\" name=\"_wpcf7_locale\" value=\"fr_FR\" \/>\n<input type=\"hidden\" name=\"_wpcf7_unit_tag\" value=\"wpcf7-f840-o1\" \/>\n<input type=\"hidden\" name=\"_wpcf7_container_post\" value=\"0\" \/>\n<input type=\"hidden\" name=\"_wpcf7_posted_data_hash\" value=\"\" \/>\n<\/div>\n<p><label> Votre nom<br \/>\n<span class=\"wpcf7-form-control-wrap\" data-name=\"your-name\"><input size=\"40\" maxlength=\"400\" class=\"wpcf7-form-control wpcf7-text wpcf7-validates-as-required\" autocomplete=\"name\" aria-required=\"true\" aria-invalid=\"false\" value=\"\" type=\"text\" name=\"your-name\" \/><\/span> <\/label>\n<\/p>\n<p><label> Votre e-mail<br \/>\n<span class=\"wpcf7-form-control-wrap\" data-name=\"your-email\"><input size=\"40\" maxlength=\"400\" class=\"wpcf7-form-control wpcf7-email wpcf7-validates-as-required wpcf7-text wpcf7-validates-as-email\" autocomplete=\"email\" aria-required=\"true\" aria-invalid=\"false\" value=\"\" type=\"email\" name=\"your-email\" \/><\/span> <\/label>\n<\/p>\n<p><label> Objet<br \/>\n<span class=\"wpcf7-form-control-wrap\" data-name=\"your-subject\"><input size=\"40\" maxlength=\"400\" class=\"wpcf7-form-control wpcf7-text wpcf7-validates-as-required\" aria-required=\"true\" aria-invalid=\"false\" value=\"\" type=\"text\" name=\"your-subject\" \/><\/span> <\/label>\n<\/p>\n<p><label> Votre message (facultatif)<br \/>\n<span class=\"wpcf7-form-control-wrap\" data-name=\"your-message\"><textarea cols=\"40\" rows=\"10\" maxlength=\"2000\" class=\"wpcf7-form-control wpcf7-textarea\" aria-invalid=\"false\" name=\"your-message\"><\/textarea><\/span> <\/label>\n<\/p>\n<p><input class=\"wpcf7-form-control wpcf7-submit has-spinner\" type=\"submit\" value=\"Envoyer\" \/>\n<\/p><div class=\"fusion-alert alert custom alert-custom fusion-alert-center wpcf7-response-output fusion-alert-capitalize awb-alert-native-link-color alert-dismissable awb-alert-close-boxed\" style=\"--awb-border-size:1px;--awb-border-top-left-radius:0px;--awb-border-top-right-radius:0px;--awb-border-bottom-left-radius:0px;--awb-border-bottom-right-radius:0px;\" role=\"alert\"><div class=\"fusion-alert-content-wrapper\"><span class=\"fusion-alert-content\"><\/span><\/div><button type=\"button\" class=\"close toggle-alert\" data-dismiss=\"alert\" aria-label=\"Close\">&times;<\/button><\/div>\n<\/form>\n<\/div>\n<div class=\"fusion-text fusion-text-13\"><p>Daniel Reumiller | M\u00fchleweg | 3253 Schnottwil | Tel. 079 323 57 63 | daniel.reumiller@gmail.com<\/p>\n<\/div><\/div><\/div><div class=\"fusion-layout-column fusion_builder_column fusion-builder-column-14 fusion_builder_column_2_5 2_5 fusion-flex-column\" style=\"--awb-bg-position:center top;--awb-bg-size:cover;--awb-width-large:40%;--awb-margin-top-large:0px;--awb-spacing-right-large:0px;--awb-margin-bottom-large:0px;--awb-spacing-left-large:0px;--awb-width-medium:100%;--awb-order-medium:0;--awb-spacing-right-medium:0px;--awb-spacing-left-medium:0px;--awb-width-small:100%;--awb-order-small:0;--awb-spacing-right-small:0px;--awb-spacing-left-small:0px;\"><div class=\"fusion-column-wrapper lazyload fusion-column-has-shadow fusion-flex-justify-content-flex-start fusion-content-layout-column fusion-empty-column-bg-image fusion-column-has-bg-image\" data-bg-url=\"https:\/\/reumiller.ch\/wp-content\/uploads\/2021\/02\/Daniel-Reumiller-Kontakt.jpg\" data-bg=\"https:\/\/reumiller.ch\/wp-content\/uploads\/2021\/02\/Daniel-Reumiller-Kontakt.jpg\"><img decoding=\"async\" class=\"fusion-empty-dims-img-placeholder fusion-no-large-visibility\" aria-label=\"Daniel-Reumiller-Kontakt\" src=\"data:image\/svg+xml,%3Csvg%20xmlns%3D%27http%3A%2F%2Fwww.w3.org%2F2000%2Fsvg%27%20width%3D%271280%27%20height%3D%271920%27%20viewBox%3D%270%200%201280%201920%27%3E%3Crect%20width%3D%271280%27%20height%3D%271920%27%20fill-opacity%3D%220%22%2F%3E%3C%2Fsvg%3E\"><\/div><\/div><\/div><\/div><\/div><\/p>\n","protected":false},"excerpt":{"rendered":"","protected":false},"author":1,"featured_media":0,"parent":0,"menu_order":0,"comment_status":"closed","ping_status":"open","template":"100-width.php","meta":{"footnotes":""},"class_list":["post-818","page","type-page","status-publish","hentry"],"_links":{"self":[{"href":"https:\/\/reumiller.ch\/fr\/wp-json\/wp\/v2\/pages\/818","targetHints":{"allow":["GET"]}}],"collection":[{"href":"https:\/\/reumiller.ch\/fr\/wp-json\/wp\/v2\/pages"}],"about":[{"href":"https:\/\/reumiller.ch\/fr\/wp-json\/wp\/v2\/types\/page"}],"author":[{"embeddable":true,"href":"https:\/\/reumiller.ch\/fr\/wp-json\/wp\/v2\/users\/1"}],"replies":[{"embeddable":true,"href":"https:\/\/reumiller.ch\/fr\/wp-json\/wp\/v2\/comments?post=818"}],"version-history":[{"count":17,"href":"https:\/\/reumiller.ch\/fr\/wp-json\/wp\/v2\/pages\/818\/revisions"}],"predecessor-version":[{"id":843,"href":"https:\/\/reumiller.ch\/fr\/wp-json\/wp\/v2\/pages\/818\/revisions\/843"}],"wp:attachment":[{"href":"https:\/\/reumiller.ch\/fr\/wp-json\/wp\/v2\/media?parent=818"}],"curies":[{"name":"wp","href":"https:\/\/api.w.org\/{rel}","templated":true}]}}